{"id":456,"date":"2020-10-05T10:19:56","date_gmt":"2020-10-05T13:19:56","guid":{"rendered":"http:\/\/educacao.cambe.pr.gov.br\/?page_id=456"},"modified":"2022-11-07T16:39:10","modified_gmt":"2022-11-07T19:39:10","slug":"galeria-de-fotos_festival-da-matematica","status":"publish","type":"page","link":"https:\/\/educacao.cambe.pr.gov.br\/index.php\/eventos\/festival-da-matematica\/sobre-o-festival-da-matematica\/galeria-de-fotos_festival-da-matematica\/","title":{"rendered":"Galeria de fotos_Festival da Matem\u00e1tica"},"content":{"rendered":"\t\t<div data-elementor-type=\"wp-page\" data-elementor-id=\"456\" class=\"elementor elementor-456\">\n\t\t\t\t\t\t<section class=\"elementor-section elementor-top-section elementor-element elementor-element-8617739 elementor-section-boxed elementor-section-height-default elementor-section-height-default\" data-id=\"8617739\" data-element_type=\"section\">\n\t\t\t\t\t\t<div class=\"elementor-container elementor-column-gap-default\">\n\t\t\t\t\t<div class=\"elementor-column elementor-col-100 elementor-top-column elementor-element elementor-element-56af164b\" data-id=\"56af164b\" data-element_type=\"column\">\n\t\t\t<div class=\"elementor-widget-wrap elementor-element-populated\">\n\t\t\t\t\t\t<div class=\"elementor-element elementor-element-7031b36 elementor-widget elementor-widget-heading\" data-id=\"7031b36\" data-element_type=\"widget\" data-widget_type=\"heading.default\">\n\t\t\t\t<div class=\"elementor-widget-container\">\n\t\t\t\t\t<h2 class=\"elementor-heading-title elementor-size-default\">2019<\/h2>\t\t\t\t<\/div>\n\t\t\t\t<\/div>\n\t\t\t\t<div class=\"elementor-element elementor-element-37957761 elementor-widget elementor-widget-shortcode\" data-id=\"37957761\" data-element_type=\"widget\" data-widget_type=\"shortcode.default\">\n\t\t\t\t<div class=\"elementor-widget-container\">\n\t\t\t\t\t\t\t<div class=\"elementor-shortcode\">ngg_shortcode_0_placeholder<\/div>\n\t\t\t\t\t\t<\/div>\n\t\t\t\t<\/div>\n\t\t\t\t\t<\/div>\n\t\t<\/div>\n\t\t\t\t\t<\/div>\n\t\t<\/section>\n\t\t\t\t<section class=\"elementor-section elementor-top-section elementor-element elementor-element-cd9968e elementor-section-boxed elementor-section-height-default elementor-section-height-default\" data-id=\"cd9968e\" data-element_type=\"section\">\n\t\t\t\t\t\t<div class=\"elementor-container elementor-column-gap-default\">\n\t\t\t\t\t<div class=\"elementor-column elementor-col-100 elementor-top-column elementor-element elementor-element-79b720c\" data-id=\"79b720c\" data-element_type=\"column\">\n\t\t\t<div class=\"elementor-widget-wrap elementor-element-populated\">\n\t\t\t\t\t\t<div class=\"elementor-element elementor-element-866e30b elementor-widget elementor-widget-heading\" data-id=\"866e30b\" data-element_type=\"widget\" data-widget_type=\"heading.default\">\n\t\t\t\t<div class=\"elementor-widget-container\">\n\t\t\t\t\t<h2 class=\"elementor-heading-title elementor-size-default\">2022<\/h2>\t\t\t\t<\/div>\n\t\t\t\t<\/div>\n\t\t\t\t\t<\/div>\n\t\t<\/div>\n\t\t\t\t\t<\/div>\n\t\t<\/section>\n\t\t\t\t<section class=\"elementor-section elementor-top-section elementor-element elementor-element-c029e2a elementor-section-boxed elementor-section-height-default elementor-section-height-default\" data-id=\"c029e2a\" data-element_type=\"section\">\n\t\t\t\t\t\t<div class=\"elementor-container elementor-column-gap-default\">\n\t\t\t\t\t<div class=\"elementor-column elementor-col-25 elementor-top-column elementor-element elementor-element-6547ed7\" data-id=\"6547ed7\" data-element_type=\"column\">\n\t\t\t<div class=\"elementor-widget-wrap elementor-element-populated\">\n\t\t\t\t\t\t<div class=\"elementor-element elementor-element-213241a elementor-widget elementor-widget-image\" data-id=\"213241a\" data-element_type=\"widget\" data-widget_type=\"image.default\">\n\t\t\t\t<div class=\"elementor-widget-container\">\n\t\t\t\t\t\t\t\t\t\t\t\t\t\t\t<img fetchpriority=\"high\" decoding=\"async\" width=\"955\" height=\"723\" src=\"https:\/\/educacao.cambe.pr.gov.br\/wp-content\/uploads\/2022\/10\/1\u00b0-lugar-253626-1024x775.jpg\" class=\"attachment-large size-large wp-image-1591\" alt=\"\" srcset=\"https:\/\/educacao.cambe.pr.gov.br\/wp-content\/uploads\/2022\/10\/1\u00b0-lugar-253626-1024x775.jpg 1024w, https:\/\/educacao.cambe.pr.gov.br\/wp-content\/uploads\/2022\/10\/1\u00b0-lugar-253626-300x227.jpg 300w, https:\/\/educacao.cambe.pr.gov.br\/wp-content\/uploads\/2022\/10\/1\u00b0-lugar-253626-768x581.jpg 768w, https:\/\/educacao.cambe.pr.gov.br\/wp-content\/uploads\/2022\/10\/1\u00b0-lugar-253626-1536x1162.jpg 1536w, https:\/\/educacao.cambe.pr.gov.br\/wp-content\/uploads\/2022\/10\/1\u00b0-lugar-253626-2048x1550.jpg 2048w\" sizes=\"(max-width: 955px) 100vw, 955px\" \/>\t\t\t\t\t\t\t\t\t\t\t\t\t\t\t<\/div>\n\t\t\t\t<\/div>\n\t\t\t\t<div class=\"elementor-element elementor-element-7ec0ec6 elementor-widget elementor-widget-image\" data-id=\"7ec0ec6\" data-element_type=\"widget\" data-widget_type=\"image.default\">\n\t\t\t\t<div class=\"elementor-widget-container\">\n\t\t\t\t\t\t\t\t\t\t\t\t\t\t\t<img decoding=\"async\" width=\"955\" height=\"441\" src=\"https:\/\/educacao.cambe.pr.gov.br\/wp-content\/uploads\/2022\/11\/1666639624020-1-1024x473.jpg\" class=\"attachment-large size-large wp-image-1608\" alt=\"\" srcset=\"https:\/\/educacao.cambe.pr.gov.br\/wp-content\/uploads\/2022\/11\/1666639624020-1-1024x473.jpg 1024w, https:\/\/educacao.cambe.pr.gov.br\/wp-content\/uploads\/2022\/11\/1666639624020-1-300x138.jpg 300w, https:\/\/educacao.cambe.pr.gov.br\/wp-content\/uploads\/2022\/11\/1666639624020-1-768x354.jpg 768w, https:\/\/educacao.cambe.pr.gov.br\/wp-content\/uploads\/2022\/11\/1666639624020-1-1536x709.jpg 1536w, https:\/\/educacao.cambe.pr.gov.br\/wp-content\/uploads\/2022\/11\/1666639624020-1-2048x945.jpg 2048w\" sizes=\"(max-width: 955px) 100vw, 955px\" \/>\t\t\t\t\t\t\t\t\t\t\t\t\t\t\t<\/div>\n\t\t\t\t<\/div>\n\t\t\t\t<div class=\"elementor-element elementor-element-5afb9f7 elementor-widget elementor-widget-image\" data-id=\"5afb9f7\" data-element_type=\"widget\" data-widget_type=\"image.default\">\n\t\t\t\t<div class=\"elementor-widget-container\">\n\t\t\t\t\t\t\t\t\t\t\t\t\t\t\t<img decoding=\"async\" width=\"955\" height=\"716\" src=\"https:\/\/educacao.cambe.pr.gov.br\/wp-content\/uploads\/2022\/11\/IMG_3718-1024x768.jpg\" class=\"attachment-large size-large wp-image-1617\" alt=\"\" srcset=\"https:\/\/educacao.cambe.pr.gov.br\/wp-content\/uploads\/2022\/11\/IMG_3718-1024x768.jpg 1024w, https:\/\/educacao.cambe.pr.gov.br\/wp-content\/uploads\/2022\/11\/IMG_3718-300x225.jpg 300w, https:\/\/educacao.cambe.pr.gov.br\/wp-content\/uploads\/2022\/11\/IMG_3718-768x576.jpg 768w, https:\/\/educacao.cambe.pr.gov.br\/wp-content\/uploads\/2022\/11\/IMG_3718-1536x1152.jpg 1536w, https:\/\/educacao.cambe.pr.gov.br\/wp-content\/uploads\/2022\/11\/IMG_3718-2048x1536.jpg 2048w, https:\/\/educacao.cambe.pr.gov.br\/wp-content\/uploads\/2022\/11\/IMG_3718-400x300.jpg 400w\" sizes=\"(max-width: 955px) 100vw, 955px\" \/>\t\t\t\t\t\t\t\t\t\t\t\t\t\t\t<\/div>\n\t\t\t\t<\/div>\n\t\t\t\t<div class=\"elementor-element elementor-element-987a68a elementor-widget elementor-widget-image\" data-id=\"987a68a\" data-element_type=\"widget\" data-widget_type=\"image.default\">\n\t\t\t\t<div class=\"elementor-widget-container\">\n\t\t\t\t\t\t\t\t\t\t\t\t\t\t\t<img loading=\"lazy\" decoding=\"async\" width=\"955\" height=\"716\" src=\"https:\/\/educacao.cambe.pr.gov.br\/wp-content\/uploads\/2022\/11\/IMG_3749-1024x768.jpg\" class=\"attachment-large size-large wp-image-1618\" alt=\"\" srcset=\"https:\/\/educacao.cambe.pr.gov.br\/wp-content\/uploads\/2022\/11\/IMG_3749-1024x768.jpg 1024w, https:\/\/educacao.cambe.pr.gov.br\/wp-content\/uploads\/2022\/11\/IMG_3749-300x225.jpg 300w, https:\/\/educacao.cambe.pr.gov.br\/wp-content\/uploads\/2022\/11\/IMG_3749-768x576.jpg 768w, https:\/\/educacao.cambe.pr.gov.br\/wp-content\/uploads\/2022\/11\/IMG_3749-1536x1152.jpg 1536w, https:\/\/educacao.cambe.pr.gov.br\/wp-content\/uploads\/2022\/11\/IMG_3749-2048x1536.jpg 2048w, https:\/\/educacao.cambe.pr.gov.br\/wp-content\/uploads\/2022\/11\/IMG_3749-400x300.jpg 400w\" sizes=\"(max-width: 955px) 100vw, 955px\" \/>\t\t\t\t\t\t\t\t\t\t\t\t\t\t\t<\/div>\n\t\t\t\t<\/div>\n\t\t\t\t<div class=\"elementor-element elementor-element-898da09 elementor-widget elementor-widget-image\" data-id=\"898da09\" data-element_type=\"widget\" data-widget_type=\"image.default\">\n\t\t\t\t<div class=\"elementor-widget-container\">\n\t\t\t\t\t\t\t\t\t\t\t\t\t\t\t<img loading=\"lazy\" decoding=\"async\" width=\"955\" height=\"716\" src=\"https:\/\/educacao.cambe.pr.gov.br\/wp-content\/uploads\/2022\/11\/IMG-20221022-WA0024-1024x768.jpg\" class=\"attachment-large size-large wp-image-1622\" alt=\"\" srcset=\"https:\/\/educacao.cambe.pr.gov.br\/wp-content\/uploads\/2022\/11\/IMG-20221022-WA0024-1024x768.jpg 1024w, https:\/\/educacao.cambe.pr.gov.br\/wp-content\/uploads\/2022\/11\/IMG-20221022-WA0024-300x225.jpg 300w, https:\/\/educacao.cambe.pr.gov.br\/wp-content\/uploads\/2022\/11\/IMG-20221022-WA0024-768x576.jpg 768w, https:\/\/educacao.cambe.pr.gov.br\/wp-content\/uploads\/2022\/11\/IMG-20221022-WA0024-1536x1152.jpg 1536w, https:\/\/educacao.cambe.pr.gov.br\/wp-content\/uploads\/2022\/11\/IMG-20221022-WA0024-400x300.jpg 400w, https:\/\/educacao.cambe.pr.gov.br\/wp-content\/uploads\/2022\/11\/IMG-20221022-WA0024.jpg 1600w\" sizes=\"(max-width: 955px) 100vw, 955px\" \/>\t\t\t\t\t\t\t\t\t\t\t\t\t\t\t<\/div>\n\t\t\t\t<\/div>\n\t\t\t\t<div class=\"elementor-element elementor-element-aaa9ed3 elementor-widget elementor-widget-image\" data-id=\"aaa9ed3\" data-element_type=\"widget\" data-widget_type=\"image.default\">\n\t\t\t\t<div class=\"elementor-widget-container\">\n\t\t\t\t\t\t\t\t\t\t\t\t\t\t\t<img loading=\"lazy\" decoding=\"async\" width=\"955\" height=\"716\" src=\"https:\/\/educacao.cambe.pr.gov.br\/wp-content\/uploads\/2022\/11\/IMG_3712-1-1024x768.jpg\" class=\"attachment-large size-large wp-image-1626\" alt=\"\" srcset=\"https:\/\/educacao.cambe.pr.gov.br\/wp-content\/uploads\/2022\/11\/IMG_3712-1-1024x768.jpg 1024w, https:\/\/educacao.cambe.pr.gov.br\/wp-content\/uploads\/2022\/11\/IMG_3712-1-300x225.jpg 300w, https:\/\/educacao.cambe.pr.gov.br\/wp-content\/uploads\/2022\/11\/IMG_3712-1-768x576.jpg 768w, https:\/\/educacao.cambe.pr.gov.br\/wp-content\/uploads\/2022\/11\/IMG_3712-1-1536x1152.jpg 1536w, https:\/\/educacao.cambe.pr.gov.br\/wp-content\/uploads\/2022\/11\/IMG_3712-1-2048x1536.jpg 2048w, https:\/\/educacao.cambe.pr.gov.br\/wp-content\/uploads\/2022\/11\/IMG_3712-1-400x300.jpg 400w\" sizes=\"(max-width: 955px) 100vw, 955px\" \/>\t\t\t\t\t\t\t\t\t\t\t\t\t\t\t<\/div>\n\t\t\t\t<\/div>\n\t\t\t\t<div class=\"elementor-element elementor-element-b931855 elementor-widget elementor-widget-image\" data-id=\"b931855\" data-element_type=\"widget\" data-widget_type=\"image.default\">\n\t\t\t\t<div class=\"elementor-widget-container\">\n\t\t\t\t\t\t\t\t\t\t\t\t\t\t\t<img loading=\"lazy\" decoding=\"async\" width=\"955\" height=\"716\" src=\"https:\/\/educacao.cambe.pr.gov.br\/wp-content\/uploads\/2022\/11\/IMG_3786-1-1024x768.jpg\" class=\"attachment-large size-large wp-image-1628\" alt=\"\" srcset=\"https:\/\/educacao.cambe.pr.gov.br\/wp-content\/uploads\/2022\/11\/IMG_3786-1-1024x768.jpg 1024w, https:\/\/educacao.cambe.pr.gov.br\/wp-content\/uploads\/2022\/11\/IMG_3786-1-300x225.jpg 300w, https:\/\/educacao.cambe.pr.gov.br\/wp-content\/uploads\/2022\/11\/IMG_3786-1-768x576.jpg 768w, https:\/\/educacao.cambe.pr.gov.br\/wp-content\/uploads\/2022\/11\/IMG_3786-1-1536x1152.jpg 1536w, https:\/\/educacao.cambe.pr.gov.br\/wp-content\/uploads\/2022\/11\/IMG_3786-1-2048x1536.jpg 2048w, https:\/\/educacao.cambe.pr.gov.br\/wp-content\/uploads\/2022\/11\/IMG_3786-1-400x300.jpg 400w\" sizes=\"(max-width: 955px) 100vw, 955px\" \/>\t\t\t\t\t\t\t\t\t\t\t\t\t\t\t<\/div>\n\t\t\t\t<\/div>\n\t\t\t\t<div class=\"elementor-element elementor-element-3295256 elementor-widget elementor-widget-image\" data-id=\"3295256\" data-element_type=\"widget\" data-widget_type=\"image.default\">\n\t\t\t\t<div class=\"elementor-widget-container\">\n\t\t\t\t\t\t\t\t\t\t\t\t\t\t\t<img loading=\"lazy\" decoding=\"async\" width=\"768\" height=\"1024\" src=\"https:\/\/educacao.cambe.pr.gov.br\/wp-content\/uploads\/2022\/11\/IMG-20221022-WA0042-768x1024.jpg\" class=\"attachment-large size-large wp-image-1633\" alt=\"\" srcset=\"https:\/\/educacao.cambe.pr.gov.br\/wp-content\/uploads\/2022\/11\/IMG-20221022-WA0042-768x1024.jpg 768w, https:\/\/educacao.cambe.pr.gov.br\/wp-content\/uploads\/2022\/11\/IMG-20221022-WA0042-225x300.jpg 225w, https:\/\/educacao.cambe.pr.gov.br\/wp-content\/uploads\/2022\/11\/IMG-20221022-WA0042-1152x1536.jpg 1152w, https:\/\/educacao.cambe.pr.gov.br\/wp-content\/uploads\/2022\/11\/IMG-20221022-WA0042.jpg 1200w\" sizes=\"(max-width: 768px) 100vw, 768px\" \/>\t\t\t\t\t\t\t\t\t\t\t\t\t\t\t<\/div>\n\t\t\t\t<\/div>\n\t\t\t\t\t<\/div>\n\t\t<\/div>\n\t\t\t\t<div class=\"elementor-column elementor-col-25 elementor-top-column elementor-element elementor-element-8347625\" data-id=\"8347625\" data-element_type=\"column\">\n\t\t\t<div class=\"elementor-widget-wrap elementor-element-populated\">\n\t\t\t\t\t\t<div class=\"elementor-element elementor-element-f9cd0ea elementor-widget elementor-widget-image\" data-id=\"f9cd0ea\" data-element_type=\"widget\" data-widget_type=\"image.default\">\n\t\t\t\t<div class=\"elementor-widget-container\">\n\t\t\t\t\t\t\t\t\t\t\t\t\t\t\t<img loading=\"lazy\" decoding=\"async\" width=\"955\" height=\"729\" src=\"https:\/\/educacao.cambe.pr.gov.br\/wp-content\/uploads\/2022\/10\/2\u00b0-lugar-6098-1024x782.jpg\" class=\"attachment-large size-large wp-image-1590\" alt=\"\" srcset=\"https:\/\/educacao.cambe.pr.gov.br\/wp-content\/uploads\/2022\/10\/2\u00b0-lugar-6098-1024x782.jpg 1024w, https:\/\/educacao.cambe.pr.gov.br\/wp-content\/uploads\/2022\/10\/2\u00b0-lugar-6098-300x229.jpg 300w, https:\/\/educacao.cambe.pr.gov.br\/wp-content\/uploads\/2022\/10\/2\u00b0-lugar-6098-768x586.jpg 768w, https:\/\/educacao.cambe.pr.gov.br\/wp-content\/uploads\/2022\/10\/2\u00b0-lugar-6098-1536x1172.jpg 1536w, https:\/\/educacao.cambe.pr.gov.br\/wp-content\/uploads\/2022\/10\/2\u00b0-lugar-6098-2048x1563.jpg 2048w\" sizes=\"(max-width: 955px) 100vw, 955px\" \/>\t\t\t\t\t\t\t\t\t\t\t\t\t\t\t<\/div>\n\t\t\t\t<\/div>\n\t\t\t\t<div class=\"elementor-element elementor-element-1c44f2e elementor-widget elementor-widget-image\" data-id=\"1c44f2e\" data-element_type=\"widget\" data-widget_type=\"image.default\">\n\t\t\t\t<div class=\"elementor-widget-container\">\n\t\t\t\t\t\t\t\t\t\t\t\t\t\t\t<img loading=\"lazy\" decoding=\"async\" width=\"955\" height=\"441\" src=\"https:\/\/educacao.cambe.pr.gov.br\/wp-content\/uploads\/2022\/11\/1666639623980-1024x473.jpg\" class=\"attachment-large size-large wp-image-1599\" alt=\"\" srcset=\"https:\/\/educacao.cambe.pr.gov.br\/wp-content\/uploads\/2022\/11\/1666639623980-1024x473.jpg 1024w, https:\/\/educacao.cambe.pr.gov.br\/wp-content\/uploads\/2022\/11\/1666639623980-300x138.jpg 300w, https:\/\/educacao.cambe.pr.gov.br\/wp-content\/uploads\/2022\/11\/1666639623980-768x354.jpg 768w, https:\/\/educacao.cambe.pr.gov.br\/wp-content\/uploads\/2022\/11\/1666639623980-1536x709.jpg 1536w, https:\/\/educacao.cambe.pr.gov.br\/wp-content\/uploads\/2022\/11\/1666639623980-2048x945.jpg 2048w\" sizes=\"(max-width: 955px) 100vw, 955px\" \/>\t\t\t\t\t\t\t\t\t\t\t\t\t\t\t<\/div>\n\t\t\t\t<\/div>\n\t\t\t\t<div class=\"elementor-element elementor-element-c24f276 elementor-widget elementor-widget-image\" data-id=\"c24f276\" data-element_type=\"widget\" data-widget_type=\"image.default\">\n\t\t\t\t<div class=\"elementor-widget-container\">\n\t\t\t\t\t\t\t\t\t\t\t\t\t\t\t<img loading=\"lazy\" decoding=\"async\" width=\"955\" height=\"716\" src=\"https:\/\/educacao.cambe.pr.gov.br\/wp-content\/uploads\/2022\/11\/IMG_3712-1024x768.jpg\" class=\"attachment-large size-large wp-image-1616\" alt=\"\" srcset=\"https:\/\/educacao.cambe.pr.gov.br\/wp-content\/uploads\/2022\/11\/IMG_3712-1024x768.jpg 1024w, https:\/\/educacao.cambe.pr.gov.br\/wp-content\/uploads\/2022\/11\/IMG_3712-300x225.jpg 300w, https:\/\/educacao.cambe.pr.gov.br\/wp-content\/uploads\/2022\/11\/IMG_3712-768x576.jpg 768w, https:\/\/educacao.cambe.pr.gov.br\/wp-content\/uploads\/2022\/11\/IMG_3712-1536x1152.jpg 1536w, https:\/\/educacao.cambe.pr.gov.br\/wp-content\/uploads\/2022\/11\/IMG_3712-2048x1536.jpg 2048w, https:\/\/educacao.cambe.pr.gov.br\/wp-content\/uploads\/2022\/11\/IMG_3712-400x300.jpg 400w\" sizes=\"(max-width: 955px) 100vw, 955px\" \/>\t\t\t\t\t\t\t\t\t\t\t\t\t\t\t<\/div>\n\t\t\t\t<\/div>\n\t\t\t\t<div class=\"elementor-element elementor-element-1a8bd21 elementor-widget elementor-widget-image\" data-id=\"1a8bd21\" data-element_type=\"widget\" data-widget_type=\"image.default\">\n\t\t\t\t<div class=\"elementor-widget-container\">\n\t\t\t\t\t\t\t\t\t\t\t\t\t\t\t<img loading=\"lazy\" decoding=\"async\" width=\"955\" height=\"716\" src=\"https:\/\/educacao.cambe.pr.gov.br\/wp-content\/uploads\/2022\/11\/IMG_3786-1024x768.jpg\" class=\"attachment-large size-large wp-image-1620\" alt=\"\" srcset=\"https:\/\/educacao.cambe.pr.gov.br\/wp-content\/uploads\/2022\/11\/IMG_3786-1024x768.jpg 1024w, https:\/\/educacao.cambe.pr.gov.br\/wp-content\/uploads\/2022\/11\/IMG_3786-300x225.jpg 300w, https:\/\/educacao.cambe.pr.gov.br\/wp-content\/uploads\/2022\/11\/IMG_3786-768x576.jpg 768w, https:\/\/educacao.cambe.pr.gov.br\/wp-content\/uploads\/2022\/11\/IMG_3786-1536x1152.jpg 1536w, https:\/\/educacao.cambe.pr.gov.br\/wp-content\/uploads\/2022\/11\/IMG_3786-2048x1536.jpg 2048w, https:\/\/educacao.cambe.pr.gov.br\/wp-content\/uploads\/2022\/11\/IMG_3786-400x300.jpg 400w\" sizes=\"(max-width: 955px) 100vw, 955px\" \/>\t\t\t\t\t\t\t\t\t\t\t\t\t\t\t<\/div>\n\t\t\t\t<\/div>\n\t\t\t\t<div class=\"elementor-element elementor-element-f490f27 elementor-widget elementor-widget-image\" data-id=\"f490f27\" data-element_type=\"widget\" data-widget_type=\"image.default\">\n\t\t\t\t<div class=\"elementor-widget-container\">\n\t\t\t\t\t\t\t\t\t\t\t\t\t\t\t<img loading=\"lazy\" decoding=\"async\" width=\"955\" height=\"716\" src=\"https:\/\/educacao.cambe.pr.gov.br\/wp-content\/uploads\/2022\/11\/IMG_3870-1024x768.jpg\" class=\"attachment-large size-large wp-image-1621\" alt=\"\" srcset=\"https:\/\/educacao.cambe.pr.gov.br\/wp-content\/uploads\/2022\/11\/IMG_3870-1024x768.jpg 1024w, https:\/\/educacao.cambe.pr.gov.br\/wp-content\/uploads\/2022\/11\/IMG_3870-300x225.jpg 300w, https:\/\/educacao.cambe.pr.gov.br\/wp-content\/uploads\/2022\/11\/IMG_3870-768x576.jpg 768w, https:\/\/educacao.cambe.pr.gov.br\/wp-content\/uploads\/2022\/11\/IMG_3870-1536x1152.jpg 1536w, https:\/\/educacao.cambe.pr.gov.br\/wp-content\/uploads\/2022\/11\/IMG_3870-2048x1536.jpg 2048w, https:\/\/educacao.cambe.pr.gov.br\/wp-content\/uploads\/2022\/11\/IMG_3870-400x300.jpg 400w\" sizes=\"(max-width: 955px) 100vw, 955px\" \/>\t\t\t\t\t\t\t\t\t\t\t\t\t\t\t<\/div>\n\t\t\t\t<\/div>\n\t\t\t\t<div class=\"elementor-element elementor-element-b2b0b2a elementor-widget elementor-widget-image\" data-id=\"b2b0b2a\" data-element_type=\"widget\" data-widget_type=\"image.default\">\n\t\t\t\t<div class=\"elementor-widget-container\">\n\t\t\t\t\t\t\t\t\t\t\t\t\t\t\t<img loading=\"lazy\" decoding=\"async\" width=\"955\" height=\"716\" src=\"https:\/\/educacao.cambe.pr.gov.br\/wp-content\/uploads\/2022\/11\/IMG_3665-1024x768.jpg\" class=\"attachment-large size-large wp-image-1615\" alt=\"\" srcset=\"https:\/\/educacao.cambe.pr.gov.br\/wp-content\/uploads\/2022\/11\/IMG_3665-1024x768.jpg 1024w, https:\/\/educacao.cambe.pr.gov.br\/wp-content\/uploads\/2022\/11\/IMG_3665-300x225.jpg 300w, https:\/\/educacao.cambe.pr.gov.br\/wp-content\/uploads\/2022\/11\/IMG_3665-768x576.jpg 768w, https:\/\/educacao.cambe.pr.gov.br\/wp-content\/uploads\/2022\/11\/IMG_3665-1536x1152.jpg 1536w, https:\/\/educacao.cambe.pr.gov.br\/wp-content\/uploads\/2022\/11\/IMG_3665-2048x1536.jpg 2048w, https:\/\/educacao.cambe.pr.gov.br\/wp-content\/uploads\/2022\/11\/IMG_3665-400x300.jpg 400w\" sizes=\"(max-width: 955px) 100vw, 955px\" \/>\t\t\t\t\t\t\t\t\t\t\t\t\t\t\t<\/div>\n\t\t\t\t<\/div>\n\t\t\t\t<div class=\"elementor-element elementor-element-b5eb3db elementor-widget elementor-widget-image\" data-id=\"b5eb3db\" data-element_type=\"widget\" data-widget_type=\"image.default\">\n\t\t\t\t<div class=\"elementor-widget-container\">\n\t\t\t\t\t\t\t\t\t\t\t\t\t\t\t<img loading=\"lazy\" decoding=\"async\" width=\"955\" height=\"716\" src=\"https:\/\/educacao.cambe.pr.gov.br\/wp-content\/uploads\/2022\/11\/IMG-20221022-WA0044-1024x768.jpg\" class=\"attachment-large size-large wp-image-1623\" alt=\"\" srcset=\"https:\/\/educacao.cambe.pr.gov.br\/wp-content\/uploads\/2022\/11\/IMG-20221022-WA0044-1024x768.jpg 1024w, https:\/\/educacao.cambe.pr.gov.br\/wp-content\/uploads\/2022\/11\/IMG-20221022-WA0044-300x225.jpg 300w, https:\/\/educacao.cambe.pr.gov.br\/wp-content\/uploads\/2022\/11\/IMG-20221022-WA0044-768x576.jpg 768w, https:\/\/educacao.cambe.pr.gov.br\/wp-content\/uploads\/2022\/11\/IMG-20221022-WA0044-1536x1152.jpg 1536w, https:\/\/educacao.cambe.pr.gov.br\/wp-content\/uploads\/2022\/11\/IMG-20221022-WA0044-400x300.jpg 400w, https:\/\/educacao.cambe.pr.gov.br\/wp-content\/uploads\/2022\/11\/IMG-20221022-WA0044.jpg 1600w\" sizes=\"(max-width: 955px) 100vw, 955px\" \/>\t\t\t\t\t\t\t\t\t\t\t\t\t\t\t<\/div>\n\t\t\t\t<\/div>\n\t\t\t\t<div class=\"elementor-element elementor-element-89087ec elementor-widget elementor-widget-image\" data-id=\"89087ec\" data-element_type=\"widget\" data-widget_type=\"image.default\">\n\t\t\t\t<div class=\"elementor-widget-container\">\n\t\t\t\t\t\t\t\t\t\t\t\t\t\t\t<img loading=\"lazy\" decoding=\"async\" width=\"955\" height=\"716\" src=\"https:\/\/educacao.cambe.pr.gov.br\/wp-content\/uploads\/2022\/11\/IMG_3652-1024x768.jpg\" class=\"attachment-large size-large wp-image-1614\" alt=\"\" srcset=\"https:\/\/educacao.cambe.pr.gov.br\/wp-content\/uploads\/2022\/11\/IMG_3652-1024x768.jpg 1024w, https:\/\/educacao.cambe.pr.gov.br\/wp-content\/uploads\/2022\/11\/IMG_3652-300x225.jpg 300w, https:\/\/educacao.cambe.pr.gov.br\/wp-content\/uploads\/2022\/11\/IMG_3652-768x576.jpg 768w, https:\/\/educacao.cambe.pr.gov.br\/wp-content\/uploads\/2022\/11\/IMG_3652-1536x1152.jpg 1536w, https:\/\/educacao.cambe.pr.gov.br\/wp-content\/uploads\/2022\/11\/IMG_3652-2048x1536.jpg 2048w, https:\/\/educacao.cambe.pr.gov.br\/wp-content\/uploads\/2022\/11\/IMG_3652-400x300.jpg 400w\" sizes=\"(max-width: 955px) 100vw, 955px\" \/>\t\t\t\t\t\t\t\t\t\t\t\t\t\t\t<\/div>\n\t\t\t\t<\/div>\n\t\t\t\t<div class=\"elementor-element elementor-element-cdcd10b elementor-widget elementor-widget-image\" data-id=\"cdcd10b\" data-element_type=\"widget\" data-widget_type=\"image.default\">\n\t\t\t\t<div class=\"elementor-widget-container\">\n\t\t\t\t\t\t\t\t\t\t\t\t\t\t\t<img loading=\"lazy\" decoding=\"async\" width=\"955\" height=\"430\" src=\"https:\/\/educacao.cambe.pr.gov.br\/wp-content\/uploads\/2022\/11\/IMG-20221024-WA0064-1024x461.jpg\" class=\"attachment-large size-large wp-image-1624\" alt=\"\" srcset=\"https:\/\/educacao.cambe.pr.gov.br\/wp-content\/uploads\/2022\/11\/IMG-20221024-WA0064-1024x461.jpg 1024w, https:\/\/educacao.cambe.pr.gov.br\/wp-content\/uploads\/2022\/11\/IMG-20221024-WA0064-300x135.jpg 300w, https:\/\/educacao.cambe.pr.gov.br\/wp-content\/uploads\/2022\/11\/IMG-20221024-WA0064-768x346.jpg 768w, https:\/\/educacao.cambe.pr.gov.br\/wp-content\/uploads\/2022\/11\/IMG-20221024-WA0064-1536x691.jpg 1536w, https:\/\/educacao.cambe.pr.gov.br\/wp-content\/uploads\/2022\/11\/IMG-20221024-WA0064.jpg 1600w\" sizes=\"(max-width: 955px) 100vw, 955px\" \/>\t\t\t\t\t\t\t\t\t\t\t\t\t\t\t<\/div>\n\t\t\t\t<\/div>\n\t\t\t\t\t<\/div>\n\t\t<\/div>\n\t\t\t\t<div class=\"elementor-column elementor-col-25 elementor-top-column elementor-element elementor-element-cd03b0e\" data-id=\"cd03b0e\" data-element_type=\"column\">\n\t\t\t<div class=\"elementor-widget-wrap elementor-element-populated\">\n\t\t\t\t\t\t<div class=\"elementor-element elementor-element-dd1cbfc elementor-widget elementor-widget-image\" data-id=\"dd1cbfc\" data-element_type=\"widget\" data-widget_type=\"image.default\">\n\t\t\t\t<div class=\"elementor-widget-container\">\n\t\t\t\t\t\t\t\t\t\t\t\t\t\t\t<img loading=\"lazy\" decoding=\"async\" width=\"955\" height=\"943\" src=\"https:\/\/educacao.cambe.pr.gov.br\/wp-content\/uploads\/2022\/11\/Alunos-Jacidio_-1024x1011.jpg\" class=\"attachment-large size-large wp-image-1605\" alt=\"\" srcset=\"https:\/\/educacao.cambe.pr.gov.br\/wp-content\/uploads\/2022\/11\/Alunos-Jacidio_-1024x1011.jpg 1024w, https:\/\/educacao.cambe.pr.gov.br\/wp-content\/uploads\/2022\/11\/Alunos-Jacidio_-300x296.jpg 300w, https:\/\/educacao.cambe.pr.gov.br\/wp-content\/uploads\/2022\/11\/Alunos-Jacidio_-768x758.jpg 768w, https:\/\/educacao.cambe.pr.gov.br\/wp-content\/uploads\/2022\/11\/Alunos-Jacidio_-50x50.jpg 50w, https:\/\/educacao.cambe.pr.gov.br\/wp-content\/uploads\/2022\/11\/Alunos-Jacidio_-80x80.jpg 80w, https:\/\/educacao.cambe.pr.gov.br\/wp-content\/uploads\/2022\/11\/Alunos-Jacidio_.jpg 1080w\" sizes=\"(max-width: 955px) 100vw, 955px\" \/>\t\t\t\t\t\t\t\t\t\t\t\t\t\t\t<\/div>\n\t\t\t\t<\/div>\n\t\t\t\t<div class=\"elementor-element elementor-element-b6de8e4 elementor-widget elementor-widget-image\" data-id=\"b6de8e4\" data-element_type=\"widget\" data-widget_type=\"image.default\">\n\t\t\t\t<div class=\"elementor-widget-container\">\n\t\t\t\t\t\t\t\t\t\t\t\t\t\t\t<img loading=\"lazy\" decoding=\"async\" width=\"768\" height=\"1024\" src=\"https:\/\/educacao.cambe.pr.gov.br\/wp-content\/uploads\/2022\/11\/1666640519351-768x1024.jpg\" class=\"attachment-large size-large wp-image-1604\" alt=\"\" srcset=\"https:\/\/educacao.cambe.pr.gov.br\/wp-content\/uploads\/2022\/11\/1666640519351-768x1024.jpg 768w, https:\/\/educacao.cambe.pr.gov.br\/wp-content\/uploads\/2022\/11\/1666640519351-225x300.jpg 225w, https:\/\/educacao.cambe.pr.gov.br\/wp-content\/uploads\/2022\/11\/1666640519351-1152x1536.jpg 1152w, https:\/\/educacao.cambe.pr.gov.br\/wp-content\/uploads\/2022\/11\/1666640519351.jpg 1200w\" sizes=\"(max-width: 768px) 100vw, 768px\" \/>\t\t\t\t\t\t\t\t\t\t\t\t\t\t\t<\/div>\n\t\t\t\t<\/div>\n\t\t\t\t<div class=\"elementor-element elementor-element-3c9fad9 elementor-widget elementor-widget-image\" data-id=\"3c9fad9\" data-element_type=\"widget\" data-widget_type=\"image.default\">\n\t\t\t\t<div class=\"elementor-widget-container\">\n\t\t\t\t\t\t\t\t\t\t\t\t\t\t\t<img loading=\"lazy\" decoding=\"async\" width=\"768\" height=\"1024\" src=\"https:\/\/educacao.cambe.pr.gov.br\/wp-content\/uploads\/2022\/11\/IMG_3703-768x1024.jpg\" class=\"attachment-large size-large wp-image-1625\" alt=\"\" srcset=\"https:\/\/educacao.cambe.pr.gov.br\/wp-content\/uploads\/2022\/11\/IMG_3703-768x1024.jpg 768w, https:\/\/educacao.cambe.pr.gov.br\/wp-content\/uploads\/2022\/11\/IMG_3703-225x300.jpg 225w, https:\/\/educacao.cambe.pr.gov.br\/wp-content\/uploads\/2022\/11\/IMG_3703-1152x1536.jpg 1152w, https:\/\/educacao.cambe.pr.gov.br\/wp-content\/uploads\/2022\/11\/IMG_3703-1536x2048.jpg 1536w, https:\/\/educacao.cambe.pr.gov.br\/wp-content\/uploads\/2022\/11\/IMG_3703-scaled.jpg 1920w\" sizes=\"(max-width: 768px) 100vw, 768px\" \/>\t\t\t\t\t\t\t\t\t\t\t\t\t\t\t<\/div>\n\t\t\t\t<\/div>\n\t\t\t\t<div class=\"elementor-element elementor-element-12dbed9 elementor-widget elementor-widget-image\" data-id=\"12dbed9\" data-element_type=\"widget\" data-widget_type=\"image.default\">\n\t\t\t\t<div class=\"elementor-widget-container\">\n\t\t\t\t\t\t\t\t\t\t\t\t\t\t\t<img loading=\"lazy\" decoding=\"async\" width=\"768\" height=\"1024\" src=\"https:\/\/educacao.cambe.pr.gov.br\/wp-content\/uploads\/2022\/11\/IMG_3769-768x1024.jpg\" class=\"attachment-large size-large wp-image-1627\" alt=\"\" srcset=\"https:\/\/educacao.cambe.pr.gov.br\/wp-content\/uploads\/2022\/11\/IMG_3769-768x1024.jpg 768w, https:\/\/educacao.cambe.pr.gov.br\/wp-content\/uploads\/2022\/11\/IMG_3769-225x300.jpg 225w, https:\/\/educacao.cambe.pr.gov.br\/wp-content\/uploads\/2022\/11\/IMG_3769-1152x1536.jpg 1152w, https:\/\/educacao.cambe.pr.gov.br\/wp-content\/uploads\/2022\/11\/IMG_3769-1536x2048.jpg 1536w, https:\/\/educacao.cambe.pr.gov.br\/wp-content\/uploads\/2022\/11\/IMG_3769-scaled.jpg 1920w\" sizes=\"(max-width: 768px) 100vw, 768px\" \/>\t\t\t\t\t\t\t\t\t\t\t\t\t\t\t<\/div>\n\t\t\t\t<\/div>\n\t\t\t\t<div class=\"elementor-element elementor-element-f5cfff3 elementor-widget elementor-widget-spacer\" data-id=\"f5cfff3\" data-element_type=\"widget\" data-widget_type=\"spacer.default\">\n\t\t\t\t<div class=\"elementor-widget-container\">\n\t\t\t\t\t\t\t<div class=\"elementor-spacer\">\n\t\t\t<div class=\"elementor-spacer-inner\"><\/div>\n\t\t<\/div>\n\t\t\t\t\t\t<\/div>\n\t\t\t\t<\/div>\n\t\t\t\t<div class=\"elementor-element elementor-element-dd44d6c elementor-widget elementor-widget-image\" data-id=\"dd44d6c\" data-element_type=\"widget\" data-widget_type=\"image.default\">\n\t\t\t\t<div class=\"elementor-widget-container\">\n\t\t\t\t\t\t\t\t\t\t\t\t\t\t\t<img loading=\"lazy\" decoding=\"async\" width=\"768\" height=\"1024\" src=\"https:\/\/educacao.cambe.pr.gov.br\/wp-content\/uploads\/2022\/11\/IMG_3863-768x1024.jpg\" class=\"attachment-large size-large wp-image-1629\" alt=\"\" srcset=\"https:\/\/educacao.cambe.pr.gov.br\/wp-content\/uploads\/2022\/11\/IMG_3863-768x1024.jpg 768w, https:\/\/educacao.cambe.pr.gov.br\/wp-content\/uploads\/2022\/11\/IMG_3863-225x300.jpg 225w, https:\/\/educacao.cambe.pr.gov.br\/wp-content\/uploads\/2022\/11\/IMG_3863-1152x1536.jpg 1152w, https:\/\/educacao.cambe.pr.gov.br\/wp-content\/uploads\/2022\/11\/IMG_3863-1536x2048.jpg 1536w, https:\/\/educacao.cambe.pr.gov.br\/wp-content\/uploads\/2022\/11\/IMG_3863-scaled.jpg 1920w\" sizes=\"(max-width: 768px) 100vw, 768px\" \/>\t\t\t\t\t\t\t\t\t\t\t\t\t\t\t<\/div>\n\t\t\t\t<\/div>\n\t\t\t\t\t<\/div>\n\t\t<\/div>\n\t\t\t\t<div class=\"elementor-column elementor-col-25 elementor-top-column elementor-element elementor-element-f3949c8\" data-id=\"f3949c8\" data-element_type=\"column\">\n\t\t\t<div class=\"elementor-widget-wrap elementor-element-populated\">\n\t\t\t\t\t\t<div class=\"elementor-element elementor-element-81d8388 elementor-widget elementor-widget-image\" data-id=\"81d8388\" data-element_type=\"widget\" data-widget_type=\"image.default\">\n\t\t\t\t<div class=\"elementor-widget-container\">\n\t\t\t\t\t\t\t\t\t\t\t\t\t\t\t<img loading=\"lazy\" decoding=\"async\" width=\"955\" height=\"716\" src=\"https:\/\/educacao.cambe.pr.gov.br\/wp-content\/uploads\/2022\/11\/Foto-de-Angela-Paganini\ud83c\udf39\u2763\ufe0f-1024x768.jpg\" class=\"attachment-large size-large wp-image-1606\" alt=\"\" srcset=\"https:\/\/educacao.cambe.pr.gov.br\/wp-content\/uploads\/2022\/11\/Foto-de-Angela-Paganini\ud83c\udf39\u2763\ufe0f-1024x768.jpg 1024w, https:\/\/educacao.cambe.pr.gov.br\/wp-content\/uploads\/2022\/11\/Foto-de-Angela-Paganini\ud83c\udf39\u2763\ufe0f-300x225.jpg 300w, https:\/\/educacao.cambe.pr.gov.br\/wp-content\/uploads\/2022\/11\/Foto-de-Angela-Paganini\ud83c\udf39\u2763\ufe0f-768x576.jpg 768w, https:\/\/educacao.cambe.pr.gov.br\/wp-content\/uploads\/2022\/11\/Foto-de-Angela-Paganini\ud83c\udf39\u2763\ufe0f-1536x1152.jpg 1536w, https:\/\/educacao.cambe.pr.gov.br\/wp-content\/uploads\/2022\/11\/Foto-de-Angela-Paganini\ud83c\udf39\u2763\ufe0f-400x300.jpg 400w, https:\/\/educacao.cambe.pr.gov.br\/wp-content\/uploads\/2022\/11\/Foto-de-Angela-Paganini\ud83c\udf39\u2763\ufe0f.jpg 1600w\" sizes=\"(max-width: 955px) 100vw, 955px\" \/>\t\t\t\t\t\t\t\t\t\t\t\t\t\t\t<\/div>\n\t\t\t\t<\/div>\n\t\t\t\t<div class=\"elementor-element elementor-element-01b0611 elementor-widget elementor-widget-spacer\" data-id=\"01b0611\" data-element_type=\"widget\" data-widget_type=\"spacer.default\">\n\t\t\t\t<div class=\"elementor-widget-container\">\n\t\t\t\t\t\t\t<div class=\"elementor-spacer\">\n\t\t\t<div class=\"elementor-spacer-inner\"><\/div>\n\t\t<\/div>\n\t\t\t\t\t\t<\/div>\n\t\t\t\t<\/div>\n\t\t\t\t<div class=\"elementor-element elementor-element-de6bc42 elementor-widget elementor-widget-image\" data-id=\"de6bc42\" data-element_type=\"widget\" data-widget_type=\"image.default\">\n\t\t\t\t<div class=\"elementor-widget-container\">\n\t\t\t\t\t\t\t\t\t\t\t\t\t\t\t<img loading=\"lazy\" decoding=\"async\" width=\"955\" height=\"538\" src=\"https:\/\/educacao.cambe.pr.gov.br\/wp-content\/uploads\/2022\/11\/IMG-20221022_131027077-1024x577.jpg\" class=\"attachment-large size-large wp-image-1613\" alt=\"\" srcset=\"https:\/\/educacao.cambe.pr.gov.br\/wp-content\/uploads\/2022\/11\/IMG-20221022_131027077-1024x577.jpg 1024w, https:\/\/educacao.cambe.pr.gov.br\/wp-content\/uploads\/2022\/11\/IMG-20221022_131027077-300x169.jpg 300w, https:\/\/educacao.cambe.pr.gov.br\/wp-content\/uploads\/2022\/11\/IMG-20221022_131027077-768x432.jpg 768w, https:\/\/educacao.cambe.pr.gov.br\/wp-content\/uploads\/2022\/11\/IMG-20221022_131027077-1536x865.jpg 1536w, https:\/\/educacao.cambe.pr.gov.br\/wp-content\/uploads\/2022\/11\/IMG-20221022_131027077-2048x1153.jpg 2048w\" sizes=\"(max-width: 955px) 100vw, 955px\" \/>\t\t\t\t\t\t\t\t\t\t\t\t\t\t\t<\/div>\n\t\t\t\t<\/div>\n\t\t\t\t<div class=\"elementor-element elementor-element-97e8652 elementor-widget elementor-widget-spacer\" data-id=\"97e8652\" data-element_type=\"widget\" data-widget_type=\"spacer.default\">\n\t\t\t\t<div class=\"elementor-widget-container\">\n\t\t\t\t\t\t\t<div class=\"elementor-spacer\">\n\t\t\t<div class=\"elementor-spacer-inner\"><\/div>\n\t\t<\/div>\n\t\t\t\t\t\t<\/div>\n\t\t\t\t<\/div>\n\t\t\t\t<div class=\"elementor-element elementor-element-a5c3659 elementor-widget elementor-widget-image\" data-id=\"a5c3659\" data-element_type=\"widget\" data-widget_type=\"image.default\">\n\t\t\t\t<div class=\"elementor-widget-container\">\n\t\t\t\t\t\t\t\t\t\t\t\t\t\t\t<img loading=\"lazy\" decoding=\"async\" width=\"768\" height=\"1024\" src=\"https:\/\/educacao.cambe.pr.gov.br\/wp-content\/uploads\/2022\/11\/IMG-20221022-WA0039-768x1024.jpg\" class=\"attachment-large size-large wp-image-1631\" alt=\"\" srcset=\"https:\/\/educacao.cambe.pr.gov.br\/wp-content\/uploads\/2022\/11\/IMG-20221022-WA0039-768x1024.jpg 768w, https:\/\/educacao.cambe.pr.gov.br\/wp-content\/uploads\/2022\/11\/IMG-20221022-WA0039-225x300.jpg 225w, https:\/\/educacao.cambe.pr.gov.br\/wp-content\/uploads\/2022\/11\/IMG-20221022-WA0039-1152x1536.jpg 1152w, https:\/\/educacao.cambe.pr.gov.br\/wp-content\/uploads\/2022\/11\/IMG-20221022-WA0039.jpg 1200w\" sizes=\"(max-width: 768px) 100vw, 768px\" \/>\t\t\t\t\t\t\t\t\t\t\t\t\t\t\t<\/div>\n\t\t\t\t<\/div>\n\t\t\t\t<div class=\"elementor-element elementor-element-31d6e44 elementor-widget elementor-widget-spacer\" data-id=\"31d6e44\" data-element_type=\"widget\" data-widget_type=\"spacer.default\">\n\t\t\t\t<div class=\"elementor-widget-container\">\n\t\t\t\t\t\t\t<div class=\"elementor-spacer\">\n\t\t\t<div class=\"elementor-spacer-inner\"><\/div>\n\t\t<\/div>\n\t\t\t\t\t\t<\/div>\n\t\t\t\t<\/div>\n\t\t\t\t<div class=\"elementor-element elementor-element-5e0dc83 elementor-widget elementor-widget-image\" data-id=\"5e0dc83\" data-element_type=\"widget\" data-widget_type=\"image.default\">\n\t\t\t\t<div class=\"elementor-widget-container\">\n\t\t\t\t\t\t\t\t\t\t\t\t\t\t\t<img loading=\"lazy\" decoding=\"async\" width=\"768\" height=\"1024\" src=\"https:\/\/educacao.cambe.pr.gov.br\/wp-content\/uploads\/2022\/11\/IMG-20221022-WA0043-768x1024.jpg\" class=\"attachment-large size-large wp-image-1634\" alt=\"\" srcset=\"https:\/\/educacao.cambe.pr.gov.br\/wp-content\/uploads\/2022\/11\/IMG-20221022-WA0043-768x1024.jpg 768w, https:\/\/educacao.cambe.pr.gov.br\/wp-content\/uploads\/2022\/11\/IMG-20221022-WA0043-225x300.jpg 225w, https:\/\/educacao.cambe.pr.gov.br\/wp-content\/uploads\/2022\/11\/IMG-20221022-WA0043-1152x1536.jpg 1152w, https:\/\/educacao.cambe.pr.gov.br\/wp-content\/uploads\/2022\/11\/IMG-20221022-WA0043.jpg 1200w\" sizes=\"(max-width: 768px) 100vw, 768px\" \/>\t\t\t\t\t\t\t\t\t\t\t\t\t\t\t<\/div>\n\t\t\t\t<\/div>\n\t\t\t\t<div class=\"elementor-element elementor-element-1e352e5 elementor-widget elementor-widget-image\" data-id=\"1e352e5\" data-element_type=\"widget\" data-widget_type=\"image.default\">\n\t\t\t\t<div class=\"elementor-widget-container\">\n\t\t\t\t\t\t\t\t\t\t\t\t\t\t\t<img loading=\"lazy\" decoding=\"async\" width=\"768\" height=\"1024\" src=\"https:\/\/educacao.cambe.pr.gov.br\/wp-content\/uploads\/2022\/11\/IMG-20221022-WA0041-768x1024.jpg\" class=\"attachment-large size-large wp-image-1632\" alt=\"\" srcset=\"https:\/\/educacao.cambe.pr.gov.br\/wp-content\/uploads\/2022\/11\/IMG-20221022-WA0041-768x1024.jpg 768w, https:\/\/educacao.cambe.pr.gov.br\/wp-content\/uploads\/2022\/11\/IMG-20221022-WA0041-225x300.jpg 225w, https:\/\/educacao.cambe.pr.gov.br\/wp-content\/uploads\/2022\/11\/IMG-20221022-WA0041-1152x1536.jpg 1152w, https:\/\/educacao.cambe.pr.gov.br\/wp-content\/uploads\/2022\/11\/IMG-20221022-WA0041.jpg 1200w\" sizes=\"(max-width: 768px) 100vw, 768px\" \/>\t\t\t\t\t\t\t\t\t\t\t\t\t\t\t<\/div>\n\t\t\t\t<\/div>\n\t\t\t\t\t<\/div>\n\t\t<\/div>\n\t\t\t\t\t<\/div>\n\t\t<\/section>\n\t\t\t\t<\/div>\n\t\t","protected":false},"excerpt":{"rendered":"<p>2019 2022<\/p>\n","protected":false},"author":7,"featured_media":0,"parent":308,"menu_order":0,"comment_status":"closed","ping_status":"closed","template":"","meta":{"ngg_post_thumbnail":0,"footnotes":""},"class_list":["post-456","page","type-page","status-publish","hentry"],"yoast_head":"<!-- This site is optimized with the Yoast SEO plugin v24.4 - https:\/\/yoast.com\/wordpress\/plugins\/seo\/ -->\n<title>Galeria de fotos_Festival da Matem\u00e1tica - Secretaria de Educa\u00e7\u00e3o e Cultura<\/title>\n<meta name=\"robots\" content=\"index, follow, max-snippet:-1, max-image-preview:large, max-video-preview:-1\" \/>\n<link rel=\"canonical\" href=\"https:\/\/educacao.cambe.pr.gov.br\/index.php\/eventos\/festival-da-matematica\/sobre-o-festival-da-matematica\/galeria-de-fotos_festival-da-matematica\/\" \/>\n<meta property=\"og:locale\" content=\"pt_BR\" \/>\n<meta property=\"og:type\" content=\"article\" \/>\n<meta property=\"og:title\" content=\"Galeria de fotos_Festival da Matem\u00e1tica - Secretaria de Educa\u00e7\u00e3o e Cultura\" \/>\n<meta property=\"og:description\" content=\"2019 2022\" \/>\n<meta property=\"og:url\" content=\"https:\/\/educacao.cambe.pr.gov.br\/index.php\/eventos\/festival-da-matematica\/sobre-o-festival-da-matematica\/galeria-de-fotos_festival-da-matematica\/\" \/>\n<meta property=\"og:site_name\" content=\"Secretaria de Educa\u00e7\u00e3o e Cultura\" \/>\n<meta property=\"article:modified_time\" content=\"2022-11-07T19:39:10+00:00\" \/>\n<meta property=\"og:image\" content=\"http:\/\/educacao.cambe.pr.gov.br\/wp-content\/uploads\/2022\/11\/1666639624020-1-1024x473.jpg\" \/>\n<meta name=\"twitter:card\" content=\"summary_large_image\" \/>\n<script type=\"application\/ld+json\" class=\"yoast-schema-graph\">{\"@context\":\"https:\/\/schema.org\",\"@graph\":[{\"@type\":\"WebPage\",\"@id\":\"https:\/\/educacao.cambe.pr.gov.br\/index.php\/eventos\/festival-da-matematica\/sobre-o-festival-da-matematica\/galeria-de-fotos_festival-da-matematica\/\",\"url\":\"https:\/\/educacao.cambe.pr.gov.br\/index.php\/eventos\/festival-da-matematica\/sobre-o-festival-da-matematica\/galeria-de-fotos_festival-da-matematica\/\",\"name\":\"Galeria de fotos_Festival da Matem\u00e1tica - Secretaria de Educa\u00e7\u00e3o e Cultura\",\"isPartOf\":{\"@id\":\"https:\/\/educacao.cambe.pr.gov.br\/#website\"},\"primaryImageOfPage\":{\"@id\":\"https:\/\/educacao.cambe.pr.gov.br\/index.php\/eventos\/festival-da-matematica\/sobre-o-festival-da-matematica\/galeria-de-fotos_festival-da-matematica\/#primaryimage\"},\"image\":{\"@id\":\"https:\/\/educacao.cambe.pr.gov.br\/index.php\/eventos\/festival-da-matematica\/sobre-o-festival-da-matematica\/galeria-de-fotos_festival-da-matematica\/#primaryimage\"},\"thumbnailUrl\":\"http:\/\/educacao.cambe.pr.gov.br\/wp-content\/uploads\/2022\/11\/1666639624020-1-1024x473.jpg\",\"datePublished\":\"2020-10-05T13:19:56+00:00\",\"dateModified\":\"2022-11-07T19:39:10+00:00\",\"breadcrumb\":{\"@id\":\"https:\/\/educacao.cambe.pr.gov.br\/index.php\/eventos\/festival-da-matematica\/sobre-o-festival-da-matematica\/galeria-de-fotos_festival-da-matematica\/#breadcrumb\"},\"inLanguage\":\"pt-BR\",\"potentialAction\":[{\"@type\":\"ReadAction\",\"target\":[\"https:\/\/educacao.cambe.pr.gov.br\/index.php\/eventos\/festival-da-matematica\/sobre-o-festival-da-matematica\/galeria-de-fotos_festival-da-matematica\/\"]}]},{\"@type\":\"ImageObject\",\"inLanguage\":\"pt-BR\",\"@id\":\"https:\/\/educacao.cambe.pr.gov.br\/index.php\/eventos\/festival-da-matematica\/sobre-o-festival-da-matematica\/galeria-de-fotos_festival-da-matematica\/#primaryimage\",\"url\":\"http:\/\/educacao.cambe.pr.gov.br\/wp-content\/uploads\/2022\/11\/1666639624020-1-1024x473.jpg\",\"contentUrl\":\"http:\/\/educacao.cambe.pr.gov.br\/wp-content\/uploads\/2022\/11\/1666639624020-1-1024x473.jpg\"},{\"@type\":\"BreadcrumbList\",\"@id\":\"https:\/\/educacao.cambe.pr.gov.br\/index.php\/eventos\/festival-da-matematica\/sobre-o-festival-da-matematica\/galeria-de-fotos_festival-da-matematica\/#breadcrumb\",\"itemListElement\":[{\"@type\":\"ListItem\",\"position\":1,\"name\":\"In\u00edcio\",\"item\":\"https:\/\/educacao.cambe.pr.gov.br\/\"},{\"@type\":\"ListItem\",\"position\":2,\"name\":\"Eventos e projetos\",\"item\":\"https:\/\/educacao.cambe.pr.gov.br\/index.php\/eventos\/\"},{\"@type\":\"ListItem\",\"position\":3,\"name\":\"Festival da Matem\u00e1tica\",\"item\":\"https:\/\/educacao.cambe.pr.gov.br\/index.php\/eventos\/festival-da-matematica\/\"},{\"@type\":\"ListItem\",\"position\":4,\"name\":\"Sobre o Festival da Matem\u00e1tica\",\"item\":\"https:\/\/educacao.cambe.pr.gov.br\/index.php\/eventos\/festival-da-matematica\/sobre-o-festival-da-matematica\/\"},{\"@type\":\"ListItem\",\"position\":5,\"name\":\"Galeria de fotos_Festival da Matem\u00e1tica\"}]},{\"@type\":\"WebSite\",\"@id\":\"https:\/\/educacao.cambe.pr.gov.br\/#website\",\"url\":\"https:\/\/educacao.cambe.pr.gov.br\/\",\"name\":\"Secretaria de Educa\u00e7\u00e3o e Cultura\",\"description\":\"Prefeitura de Camb\u00e9\",\"publisher\":{\"@id\":\"https:\/\/educacao.cambe.pr.gov.br\/#organization\"},\"potentialAction\":[{\"@type\":\"SearchAction\",\"target\":{\"@type\":\"EntryPoint\",\"urlTemplate\":\"https:\/\/educacao.cambe.pr.gov.br\/?s={search_term_string}\"},\"query-input\":{\"@type\":\"PropertyValueSpecification\",\"valueRequired\":true,\"valueName\":\"search_term_string\"}}],\"inLanguage\":\"pt-BR\"},{\"@type\":\"Organization\",\"@id\":\"https:\/\/educacao.cambe.pr.gov.br\/#organization\",\"name\":\"Secretaria de Educa\u00e7\u00e3o e Cultura\",\"url\":\"https:\/\/educacao.cambe.pr.gov.br\/\",\"logo\":{\"@type\":\"ImageObject\",\"inLanguage\":\"pt-BR\",\"@id\":\"https:\/\/educacao.cambe.pr.gov.br\/#\/schema\/logo\/image\/\",\"url\":\"https:\/\/educacao.cambe.pr.gov.br\/wp-content\/uploads\/2020\/08\/cambe_rural_brazao-pq.png\",\"contentUrl\":\"https:\/\/educacao.cambe.pr.gov.br\/wp-content\/uploads\/2020\/08\/cambe_rural_brazao-pq.png\",\"width\":150,\"height\":150,\"caption\":\"Secretaria de Educa\u00e7\u00e3o e Cultura\"},\"image\":{\"@id\":\"https:\/\/educacao.cambe.pr.gov.br\/#\/schema\/logo\/image\/\"}}]}<\/script>\n<!-- \/ Yoast SEO plugin. -->","yoast_head_json":{"title":"Galeria de fotos_Festival da Matem\u00e1tica - Secretaria de Educa\u00e7\u00e3o e Cultura","robots":{"index":"index","follow":"follow","max-snippet":"max-snippet:-1","max-image-preview":"max-image-preview:large","max-video-preview":"max-video-preview:-1"},"canonical":"https:\/\/educacao.cambe.pr.gov.br\/index.php\/eventos\/festival-da-matematica\/sobre-o-festival-da-matematica\/galeria-de-fotos_festival-da-matematica\/","og_locale":"pt_BR","og_type":"article","og_title":"Galeria de fotos_Festival da Matem\u00e1tica - Secretaria de Educa\u00e7\u00e3o e Cultura","og_description":"2019 2022","og_url":"https:\/\/educacao.cambe.pr.gov.br\/index.php\/eventos\/festival-da-matematica\/sobre-o-festival-da-matematica\/galeria-de-fotos_festival-da-matematica\/","og_site_name":"Secretaria de Educa\u00e7\u00e3o e Cultura","article_modified_time":"2022-11-07T19:39:10+00:00","og_image":[{"url":"http:\/\/educacao.cambe.pr.gov.br\/wp-content\/uploads\/2022\/11\/1666639624020-1-1024x473.jpg","type":"","width":"","height":""}],"twitter_card":"summary_large_image","schema":{"@context":"https:\/\/schema.org","@graph":[{"@type":"WebPage","@id":"https:\/\/educacao.cambe.pr.gov.br\/index.php\/eventos\/festival-da-matematica\/sobre-o-festival-da-matematica\/galeria-de-fotos_festival-da-matematica\/","url":"https:\/\/educacao.cambe.pr.gov.br\/index.php\/eventos\/festival-da-matematica\/sobre-o-festival-da-matematica\/galeria-de-fotos_festival-da-matematica\/","name":"Galeria de fotos_Festival da Matem\u00e1tica - Secretaria de Educa\u00e7\u00e3o e Cultura","isPartOf":{"@id":"https:\/\/educacao.cambe.pr.gov.br\/#website"},"primaryImageOfPage":{"@id":"https:\/\/educacao.cambe.pr.gov.br\/index.php\/eventos\/festival-da-matematica\/sobre-o-festival-da-matematica\/galeria-de-fotos_festival-da-matematica\/#primaryimage"},"image":{"@id":"https:\/\/educacao.cambe.pr.gov.br\/index.php\/eventos\/festival-da-matematica\/sobre-o-festival-da-matematica\/galeria-de-fotos_festival-da-matematica\/#primaryimage"},"thumbnailUrl":"http:\/\/educacao.cambe.pr.gov.br\/wp-content\/uploads\/2022\/11\/1666639624020-1-1024x473.jpg","datePublished":"2020-10-05T13:19:56+00:00","dateModified":"2022-11-07T19:39:10+00:00","breadcrumb":{"@id":"https:\/\/educacao.cambe.pr.gov.br\/index.php\/eventos\/festival-da-matematica\/sobre-o-festival-da-matematica\/galeria-de-fotos_festival-da-matematica\/#breadcrumb"},"inLanguage":"pt-BR","potentialAction":[{"@type":"ReadAction","target":["https:\/\/educacao.cambe.pr.gov.br\/index.php\/eventos\/festival-da-matematica\/sobre-o-festival-da-matematica\/galeria-de-fotos_festival-da-matematica\/"]}]},{"@type":"ImageObject","inLanguage":"pt-BR","@id":"https:\/\/educacao.cambe.pr.gov.br\/index.php\/eventos\/festival-da-matematica\/sobre-o-festival-da-matematica\/galeria-de-fotos_festival-da-matematica\/#primaryimage","url":"http:\/\/educacao.cambe.pr.gov.br\/wp-content\/uploads\/2022\/11\/1666639624020-1-1024x473.jpg","contentUrl":"http:\/\/educacao.cambe.pr.gov.br\/wp-content\/uploads\/2022\/11\/1666639624020-1-1024x473.jpg"},{"@type":"BreadcrumbList","@id":"https:\/\/educacao.cambe.pr.gov.br\/index.php\/eventos\/festival-da-matematica\/sobre-o-festival-da-matematica\/galeria-de-fotos_festival-da-matematica\/#breadcrumb","itemListElement":[{"@type":"ListItem","position":1,"name":"In\u00edcio","item":"https:\/\/educacao.cambe.pr.gov.br\/"},{"@type":"ListItem","position":2,"name":"Eventos e projetos","item":"https:\/\/educacao.cambe.pr.gov.br\/index.php\/eventos\/"},{"@type":"ListItem","position":3,"name":"Festival da Matem\u00e1tica","item":"https:\/\/educacao.cambe.pr.gov.br\/index.php\/eventos\/festival-da-matematica\/"},{"@type":"ListItem","position":4,"name":"Sobre o Festival da Matem\u00e1tica","item":"https:\/\/educacao.cambe.pr.gov.br\/index.php\/eventos\/festival-da-matematica\/sobre-o-festival-da-matematica\/"},{"@type":"ListItem","position":5,"name":"Galeria de fotos_Festival da Matem\u00e1tica"}]},{"@type":"WebSite","@id":"https:\/\/educacao.cambe.pr.gov.br\/#website","url":"https:\/\/educacao.cambe.pr.gov.br\/","name":"Secretaria de Educa\u00e7\u00e3o e Cultura","description":"Prefeitura de Camb\u00e9","publisher":{"@id":"https:\/\/educacao.cambe.pr.gov.br\/#organization"},"potentialAction":[{"@type":"SearchAction","target":{"@type":"EntryPoint","urlTemplate":"https:\/\/educacao.cambe.pr.gov.br\/?s={search_term_string}"},"query-input":{"@type":"PropertyValueSpecification","valueRequired":true,"valueName":"search_term_string"}}],"inLanguage":"pt-BR"},{"@type":"Organization","@id":"https:\/\/educacao.cambe.pr.gov.br\/#organization","name":"Secretaria de Educa\u00e7\u00e3o e Cultura","url":"https:\/\/educacao.cambe.pr.gov.br\/","logo":{"@type":"ImageObject","inLanguage":"pt-BR","@id":"https:\/\/educacao.cambe.pr.gov.br\/#\/schema\/logo\/image\/","url":"https:\/\/educacao.cambe.pr.gov.br\/wp-content\/uploads\/2020\/08\/cambe_rural_brazao-pq.png","contentUrl":"https:\/\/educacao.cambe.pr.gov.br\/wp-content\/uploads\/2020\/08\/cambe_rural_brazao-pq.png","width":150,"height":150,"caption":"Secretaria de Educa\u00e7\u00e3o e Cultura"},"image":{"@id":"https:\/\/educacao.cambe.pr.gov.br\/#\/schema\/logo\/image\/"}}]}},"_links":{"self":[{"href":"https:\/\/educacao.cambe.pr.gov.br\/index.php\/wp-json\/wp\/v2\/pages\/456","targetHints":{"allow":["GET"]}}],"collection":[{"href":"https:\/\/educacao.cambe.pr.gov.br\/index.php\/wp-json\/wp\/v2\/pages"}],"about":[{"href":"https:\/\/educacao.cambe.pr.gov.br\/index.php\/wp-json\/wp\/v2\/types\/page"}],"author":[{"embeddable":true,"href":"https:\/\/educacao.cambe.pr.gov.br\/index.php\/wp-json\/wp\/v2\/users\/7"}],"replies":[{"embeddable":true,"href":"https:\/\/educacao.cambe.pr.gov.br\/index.php\/wp-json\/wp\/v2\/comments?post=456"}],"version-history":[{"count":5,"href":"https:\/\/educacao.cambe.pr.gov.br\/index.php\/wp-json\/wp\/v2\/pages\/456\/revisions"}],"predecessor-version":[{"id":1638,"href":"https:\/\/educacao.cambe.pr.gov.br\/index.php\/wp-json\/wp\/v2\/pages\/456\/revisions\/1638"}],"up":[{"embeddable":true,"href":"https:\/\/educacao.cambe.pr.gov.br\/index.php\/wp-json\/wp\/v2\/pages\/308"}],"wp:attachment":[{"href":"https:\/\/educacao.cambe.pr.gov.br\/index.php\/wp-json\/wp\/v2\/media?parent=456"}],"curies":[{"name":"wp","href":"https:\/\/api.w.org\/{rel}","templated":true}]}}