{"id":3297,"date":"2023-11-30T15:09:10","date_gmt":"2023-11-30T18:09:10","guid":{"rendered":"https:\/\/educacao.cambe.pr.gov.br\/?page_id=3297"},"modified":"2023-11-30T15:09:10","modified_gmt":"2023-11-30T18:09:10","slug":"e-m-olavo-soares-barros","status":"publish","type":"page","link":"https:\/\/educacao.cambe.pr.gov.br\/index.php\/e-m-olavo-soares-barros\/","title":{"rendered":"E.M. Olavo Soares Barros"},"content":{"rendered":"<p style=\"text-align: justify;\">A Escola Municipal Olavo Soares Barros foi inaugurada em 08 de agosto de 2003, mas a reivindica\u00e7\u00e3o da mesma come\u00e7ou muito antes, \u00e9poca em que o Sr. Olavo Soares Barros presidia a Associa\u00e7\u00e3o de Bairros no Jardim Ana Rosa.<br \/>\nOlavo Soares Barros, cidad\u00e3o que saiu do Cear\u00e1 a procura de uma vida melhor. Juntamente com os irm\u00e3os chegou \u00e0 cidade de Camb\u00e9 em 1960 na regi\u00e3o do distrito da Prata para trabalhar nas lavouras de caf\u00e9.<br \/>\nCom o passar dos anos ele veio para a cidade, onde iniciou uma participa\u00e7\u00e3o pol\u00edtica e social juntamente com o Dr. Roberto Concei\u00e7\u00e3o. Mudou-se para o parque residencial Jardim Ana Rosa quando o mesmo estava em forma\u00e7\u00e3o.<br \/>\nConseguiu para o bairro muitas melhorias, atuando como presidente da Associa\u00e7\u00e3o de Moradores por mais de um mandato.<br \/>\nO bairro teve um desenvolvimento muito r\u00e1pido e um crescimento bastante significativo, se alastrando com o surgimento de outros jardins a sua volta, inclusive o Jardim Jos\u00e9 F\u00e1varo, onde a escola se localiza.<br \/>\nDesde sua inaugura\u00e7\u00e3o em 2003 at\u00e9 o final do ano letivo de 2007 esteve a frente da Dire\u00e7\u00e3o a Prof. Lourdes Aparecida Carraro Zamberlan, e em elei\u00e7\u00e3o realizada em 2007 assumiu a partir de 2008 a Prof. Lindomara Teodoro de Souza.<br \/>\nAtualmente o quadro de funcion\u00e1rios da escola conta com professores com gradua\u00e7\u00e3o e p\u00f3s-gradua\u00e7\u00e3o nas mais diversas \u00e1reas al\u00e9m dos servidores.<\/p>\n","protected":false},"excerpt":{"rendered":"<p>A Escola Municipal Olavo Soares Barros foi inaugurada em 08 de agosto de 2003, mas a reivindica\u00e7\u00e3o da mesma come\u00e7ou muito antes, \u00e9poca em que o Sr. Olavo Soares Barros presidia a Associa\u00e7\u00e3o de Bairros no Jardim Ana Rosa. Olavo Soares Barros, cidad\u00e3o que saiu do Cear\u00e1 a procura de uma vida melhor. Juntamente com [&hellip;]<\/p>\n","protected":false},"author":7,"featured_media":0,"parent":0,"menu_order":0,"comment_status":"closed","ping_status":"closed","template":"","meta":{"ngg_post_thumbnail":0,"footnotes":""},"class_list":["post-3297","page","type-page","status-publish","hentry"],"yoast_head":"<!-- This site is optimized with the Yoast SEO plugin v24.4 - https:\/\/yoast.com\/wordpress\/plugins\/seo\/ -->\n<title>E.M. Olavo Soares Barros - Secretaria de Educa\u00e7\u00e3o e Cultura<\/title>\n<meta name=\"robots\" content=\"index, follow, max-snippet:-1, max-image-preview:large, max-video-preview:-1\" \/>\n<link rel=\"canonical\" href=\"https:\/\/educacao.cambe.pr.gov.br\/index.php\/e-m-olavo-soares-barros\/\" \/>\n<meta property=\"og:locale\" content=\"pt_BR\" \/>\n<meta property=\"og:type\" content=\"article\" \/>\n<meta property=\"og:title\" content=\"E.M. Olavo Soares Barros - Secretaria de Educa\u00e7\u00e3o e Cultura\" \/>\n<meta property=\"og:description\" content=\"A Escola Municipal Olavo Soares Barros foi inaugurada em 08 de agosto de 2003, mas a reivindica\u00e7\u00e3o da mesma come\u00e7ou muito antes, \u00e9poca em que o Sr. Olavo Soares Barros presidia a Associa\u00e7\u00e3o de Bairros no Jardim Ana Rosa. Olavo Soares Barros, cidad\u00e3o que saiu do Cear\u00e1 a procura de uma vida melhor. Juntamente com [&hellip;]\" \/>\n<meta property=\"og:url\" content=\"https:\/\/educacao.cambe.pr.gov.br\/index.php\/e-m-olavo-soares-barros\/\" \/>\n<meta property=\"og:site_name\" content=\"Secretaria de Educa\u00e7\u00e3o e Cultura\" \/>\n<meta name=\"twitter:card\" content=\"summary_large_image\" \/>\n<meta name=\"twitter:label1\" content=\"Est. tempo de leitura\" \/>\n\t<meta name=\"twitter:data1\" content=\"1 minuto\" \/>\n<script type=\"application\/ld+json\" class=\"yoast-schema-graph\">{\"@context\":\"https:\/\/schema.org\",\"@graph\":[{\"@type\":\"WebPage\",\"@id\":\"https:\/\/educacao.cambe.pr.gov.br\/index.php\/e-m-olavo-soares-barros\/\",\"url\":\"https:\/\/educacao.cambe.pr.gov.br\/index.php\/e-m-olavo-soares-barros\/\",\"name\":\"E.M. Olavo Soares Barros - Secretaria de Educa\u00e7\u00e3o e Cultura\",\"isPartOf\":{\"@id\":\"https:\/\/educacao.cambe.pr.gov.br\/#website\"},\"datePublished\":\"2023-11-30T18:09:10+00:00\",\"breadcrumb\":{\"@id\":\"https:\/\/educacao.cambe.pr.gov.br\/index.php\/e-m-olavo-soares-barros\/#breadcrumb\"},\"inLanguage\":\"pt-BR\",\"potentialAction\":[{\"@type\":\"ReadAction\",\"target\":[\"https:\/\/educacao.cambe.pr.gov.br\/index.php\/e-m-olavo-soares-barros\/\"]}]},{\"@type\":\"BreadcrumbList\",\"@id\":\"https:\/\/educacao.cambe.pr.gov.br\/index.php\/e-m-olavo-soares-barros\/#breadcrumb\",\"itemListElement\":[{\"@type\":\"ListItem\",\"position\":1,\"name\":\"In\u00edcio\",\"item\":\"https:\/\/educacao.cambe.pr.gov.br\/\"},{\"@type\":\"ListItem\",\"position\":2,\"name\":\"E.M. Olavo Soares Barros\"}]},{\"@type\":\"WebSite\",\"@id\":\"https:\/\/educacao.cambe.pr.gov.br\/#website\",\"url\":\"https:\/\/educacao.cambe.pr.gov.br\/\",\"name\":\"Secretaria de Educa\u00e7\u00e3o e Cultura\",\"description\":\"Prefeitura de Camb\u00e9\",\"publisher\":{\"@id\":\"https:\/\/educacao.cambe.pr.gov.br\/#organization\"},\"potentialAction\":[{\"@type\":\"SearchAction\",\"target\":{\"@type\":\"EntryPoint\",\"urlTemplate\":\"https:\/\/educacao.cambe.pr.gov.br\/?s={search_term_string}\"},\"query-input\":{\"@type\":\"PropertyValueSpecification\",\"valueRequired\":true,\"valueName\":\"search_term_string\"}}],\"inLanguage\":\"pt-BR\"},{\"@type\":\"Organization\",\"@id\":\"https:\/\/educacao.cambe.pr.gov.br\/#organization\",\"name\":\"Secretaria de Educa\u00e7\u00e3o e Cultura\",\"url\":\"https:\/\/educacao.cambe.pr.gov.br\/\",\"logo\":{\"@type\":\"ImageObject\",\"inLanguage\":\"pt-BR\",\"@id\":\"https:\/\/educacao.cambe.pr.gov.br\/#\/schema\/logo\/image\/\",\"url\":\"https:\/\/educacao.cambe.pr.gov.br\/wp-content\/uploads\/2020\/08\/cambe_rural_brazao-pq.png\",\"contentUrl\":\"https:\/\/educacao.cambe.pr.gov.br\/wp-content\/uploads\/2020\/08\/cambe_rural_brazao-pq.png\",\"width\":150,\"height\":150,\"caption\":\"Secretaria de Educa\u00e7\u00e3o e Cultura\"},\"image\":{\"@id\":\"https:\/\/educacao.cambe.pr.gov.br\/#\/schema\/logo\/image\/\"}}]}<\/script>\n<!-- \/ Yoast SEO plugin. -->","yoast_head_json":{"title":"E.M. Olavo Soares Barros - Secretaria de Educa\u00e7\u00e3o e Cultura","robots":{"index":"index","follow":"follow","max-snippet":"max-snippet:-1","max-image-preview":"max-image-preview:large","max-video-preview":"max-video-preview:-1"},"canonical":"https:\/\/educacao.cambe.pr.gov.br\/index.php\/e-m-olavo-soares-barros\/","og_locale":"pt_BR","og_type":"article","og_title":"E.M. Olavo Soares Barros - Secretaria de Educa\u00e7\u00e3o e Cultura","og_description":"A Escola Municipal Olavo Soares Barros foi inaugurada em 08 de agosto de 2003, mas a reivindica\u00e7\u00e3o da mesma come\u00e7ou muito antes, \u00e9poca em que o Sr. Olavo Soares Barros presidia a Associa\u00e7\u00e3o de Bairros no Jardim Ana Rosa. Olavo Soares Barros, cidad\u00e3o que saiu do Cear\u00e1 a procura de uma vida melhor. Juntamente com [&hellip;]","og_url":"https:\/\/educacao.cambe.pr.gov.br\/index.php\/e-m-olavo-soares-barros\/","og_site_name":"Secretaria de Educa\u00e7\u00e3o e Cultura","twitter_card":"summary_large_image","twitter_misc":{"Est. tempo de leitura":"1 minuto"},"schema":{"@context":"https:\/\/schema.org","@graph":[{"@type":"WebPage","@id":"https:\/\/educacao.cambe.pr.gov.br\/index.php\/e-m-olavo-soares-barros\/","url":"https:\/\/educacao.cambe.pr.gov.br\/index.php\/e-m-olavo-soares-barros\/","name":"E.M. Olavo Soares Barros - Secretaria de Educa\u00e7\u00e3o e Cultura","isPartOf":{"@id":"https:\/\/educacao.cambe.pr.gov.br\/#website"},"datePublished":"2023-11-30T18:09:10+00:00","breadcrumb":{"@id":"https:\/\/educacao.cambe.pr.gov.br\/index.php\/e-m-olavo-soares-barros\/#breadcrumb"},"inLanguage":"pt-BR","potentialAction":[{"@type":"ReadAction","target":["https:\/\/educacao.cambe.pr.gov.br\/index.php\/e-m-olavo-soares-barros\/"]}]},{"@type":"BreadcrumbList","@id":"https:\/\/educacao.cambe.pr.gov.br\/index.php\/e-m-olavo-soares-barros\/#breadcrumb","itemListElement":[{"@type":"ListItem","position":1,"name":"In\u00edcio","item":"https:\/\/educacao.cambe.pr.gov.br\/"},{"@type":"ListItem","position":2,"name":"E.M. Olavo Soares Barros"}]},{"@type":"WebSite","@id":"https:\/\/educacao.cambe.pr.gov.br\/#website","url":"https:\/\/educacao.cambe.pr.gov.br\/","name":"Secretaria de Educa\u00e7\u00e3o e Cultura","description":"Prefeitura de Camb\u00e9","publisher":{"@id":"https:\/\/educacao.cambe.pr.gov.br\/#organization"},"potentialAction":[{"@type":"SearchAction","target":{"@type":"EntryPoint","urlTemplate":"https:\/\/educacao.cambe.pr.gov.br\/?s={search_term_string}"},"query-input":{"@type":"PropertyValueSpecification","valueRequired":true,"valueName":"search_term_string"}}],"inLanguage":"pt-BR"},{"@type":"Organization","@id":"https:\/\/educacao.cambe.pr.gov.br\/#organization","name":"Secretaria de Educa\u00e7\u00e3o e Cultura","url":"https:\/\/educacao.cambe.pr.gov.br\/","logo":{"@type":"ImageObject","inLanguage":"pt-BR","@id":"https:\/\/educacao.cambe.pr.gov.br\/#\/schema\/logo\/image\/","url":"https:\/\/educacao.cambe.pr.gov.br\/wp-content\/uploads\/2020\/08\/cambe_rural_brazao-pq.png","contentUrl":"https:\/\/educacao.cambe.pr.gov.br\/wp-content\/uploads\/2020\/08\/cambe_rural_brazao-pq.png","width":150,"height":150,"caption":"Secretaria de Educa\u00e7\u00e3o e Cultura"},"image":{"@id":"https:\/\/educacao.cambe.pr.gov.br\/#\/schema\/logo\/image\/"}}]}},"_links":{"self":[{"href":"https:\/\/educacao.cambe.pr.gov.br\/index.php\/wp-json\/wp\/v2\/pages\/3297","targetHints":{"allow":["GET"]}}],"collection":[{"href":"https:\/\/educacao.cambe.pr.gov.br\/index.php\/wp-json\/wp\/v2\/pages"}],"about":[{"href":"https:\/\/educacao.cambe.pr.gov.br\/index.php\/wp-json\/wp\/v2\/types\/page"}],"author":[{"embeddable":true,"href":"https:\/\/educacao.cambe.pr.gov.br\/index.php\/wp-json\/wp\/v2\/users\/7"}],"replies":[{"embeddable":true,"href":"https:\/\/educacao.cambe.pr.gov.br\/index.php\/wp-json\/wp\/v2\/comments?post=3297"}],"version-history":[{"count":1,"href":"https:\/\/educacao.cambe.pr.gov.br\/index.php\/wp-json\/wp\/v2\/pages\/3297\/revisions"}],"predecessor-version":[{"id":3298,"href":"https:\/\/educacao.cambe.pr.gov.br\/index.php\/wp-json\/wp\/v2\/pages\/3297\/revisions\/3298"}],"wp:attachment":[{"href":"https:\/\/educacao.cambe.pr.gov.br\/index.php\/wp-json\/wp\/v2\/media?parent=3297"}],"curies":[{"name":"wp","href":"https:\/\/api.w.org\/{rel}","templated":true}]}}