{"id":1353,"date":"2022-05-24T10:14:09","date_gmt":"2022-05-24T13:14:09","guid":{"rendered":"http:\/\/educacao.cambe.pr.gov.br\/?page_id=1353"},"modified":"2026-03-26T15:31:24","modified_gmt":"2026-03-26T18:31:24","slug":"calendario-escolar-2022","status":"publish","type":"page","link":"https:\/\/educacao.cambe.pr.gov.br\/index.php\/calendario-escolar-2022\/","title":{"rendered":"Calend\u00e1rio Escolar"},"content":{"rendered":"\t\t<div data-elementor-type=\"wp-page\" data-elementor-id=\"1353\" class=\"elementor elementor-1353\">\n\t\t\t\t\t\t<section class=\"elementor-section elementor-top-section elementor-element elementor-element-9a8a30c elementor-section-boxed elementor-section-height-default elementor-section-height-default\" data-id=\"9a8a30c\" data-element_type=\"section\">\n\t\t\t\t\t\t<div class=\"elementor-container elementor-column-gap-default\">\n\t\t\t\t\t<div class=\"elementor-column elementor-col-100 elementor-top-column elementor-element elementor-element-a69443f\" data-id=\"a69443f\" data-element_type=\"column\">\n\t\t\t<div class=\"elementor-widget-wrap elementor-element-populated\">\n\t\t\t\t\t\t<div class=\"elementor-element elementor-element-3d2091b elementor-align-center elementor-widget elementor-widget-button\" data-id=\"3d2091b\" data-element_type=\"widget\" data-widget_type=\"button.default\">\n\t\t\t\t<div class=\"elementor-widget-container\">\n\t\t\t\t\t\t\t\t\t<div class=\"elementor-button-wrapper\">\n\t\t\t\t\t<a class=\"elementor-button elementor-button-link elementor-size-sm\" href=\"https:\/\/drive.google.com\/file\/d\/1Q9yq1cu5F1LNpd85OQ1DMpSUVLitPjsg\/view?usp=sharing\" target=\"_blank\">\n\t\t\t\t\t\t<span class=\"elementor-button-content-wrapper\">\n\t\t\t\t\t\t\t\t\t<span class=\"elementor-button-text\">Calend\u00e1rio Escolar (2026) - Clique aqui<\/span>\n\t\t\t\t\t<\/span>\n\t\t\t\t\t<\/a>\n\t\t\t\t<\/div>\n\t\t\t\t\t\t\t\t<\/div>\n\t\t\t\t<\/div>\n\t\t\t\t<div class=\"elementor-element elementor-element-e9b11dc elementor-align-center elementor-widget elementor-widget-button\" data-id=\"e9b11dc\" data-element_type=\"widget\" data-widget_type=\"button.default\">\n\t\t\t\t<div class=\"elementor-widget-container\">\n\t\t\t\t\t\t\t\t\t<div class=\"elementor-button-wrapper\">\n\t\t\t\t\t<a class=\"elementor-button elementor-button-link elementor-size-sm\" href=\"https:\/\/drive.google.com\/file\/d\/1N0um6h1J96_jHdRAq3kAdD6MdLQinA5U\/view?usp=sharing\" target=\"_blank\">\n\t\t\t\t\t\t<span class=\"elementor-button-content-wrapper\">\n\t\t\t\t\t\t\t\t\t<span class=\"elementor-button-text\">Calend\u00e1rio Escolar (2025) - Clique aqui<\/span>\n\t\t\t\t\t<\/span>\n\t\t\t\t\t<\/a>\n\t\t\t\t<\/div>\n\t\t\t\t\t\t\t\t<\/div>\n\t\t\t\t<\/div>\n\t\t\t\t<div class=\"elementor-element elementor-element-45d9f85 elementor-align-center elementor-widget elementor-widget-button\" data-id=\"45d9f85\" data-element_type=\"widget\" data-widget_type=\"button.default\">\n\t\t\t\t<div class=\"elementor-widget-container\">\n\t\t\t\t\t\t\t\t\t<div class=\"elementor-button-wrapper\">\n\t\t\t\t\t<a class=\"elementor-button elementor-button-link elementor-size-sm\" href=\"https:\/\/drive.google.com\/file\/d\/1zRC4UP510kT4u1n_fblRCt6s8nl2K57H\/view?usp=sharing\" target=\"_blank\">\n\t\t\t\t\t\t<span class=\"elementor-button-content-wrapper\">\n\t\t\t\t\t\t\t\t\t<span class=\"elementor-button-text\">Calend\u00e1rio Escolar (2024) - Clique aqui<\/span>\n\t\t\t\t\t<\/span>\n\t\t\t\t\t<\/a>\n\t\t\t\t<\/div>\n\t\t\t\t\t\t\t\t<\/div>\n\t\t\t\t<\/div>\n\t\t\t\t<div class=\"elementor-element elementor-element-61a15af elementor-align-center elementor-widget elementor-widget-button\" data-id=\"61a15af\" data-element_type=\"widget\" data-widget_type=\"button.default\">\n\t\t\t\t<div class=\"elementor-widget-container\">\n\t\t\t\t\t\t\t\t\t<div class=\"elementor-button-wrapper\">\n\t\t\t\t\t<a class=\"elementor-button elementor-button-link elementor-size-sm\" href=\"https:\/\/drive.google.com\/file\/d\/1M5q1eF-ikiIaBrq0yKvBfUh2obesn80i\/view?usp=sharing\" target=\"_blank\">\n\t\t\t\t\t\t<span class=\"elementor-button-content-wrapper\">\n\t\t\t\t\t\t\t\t\t<span class=\"elementor-button-text\">Calend\u00e1rio Escolar (2023) - Clique aqui<\/span>\n\t\t\t\t\t<\/span>\n\t\t\t\t\t<\/a>\n\t\t\t\t<\/div>\n\t\t\t\t\t\t\t\t<\/div>\n\t\t\t\t<\/div>\n\t\t\t\t<div class=\"elementor-element elementor-element-3e8cc40 elementor-align-center elementor-widget elementor-widget-button\" data-id=\"3e8cc40\" data-element_type=\"widget\" data-widget_type=\"button.default\">\n\t\t\t\t<div class=\"elementor-widget-container\">\n\t\t\t\t\t\t\t\t\t<div class=\"elementor-button-wrapper\">\n\t\t\t\t\t<a class=\"elementor-button elementor-button-link elementor-size-sm\" href=\"https:\/\/drive.google.com\/file\/d\/1mSte_Dv_KNZEtOK3euQUEip3DQ0otF8q\/view?usp=sharing\" target=\"_blank\">\n\t\t\t\t\t\t<span class=\"elementor-button-content-wrapper\">\n\t\t\t\t\t\t\t\t\t<span class=\"elementor-button-text\">Calend\u00e1rio Escolar (2022) - Clique aqui<\/span>\n\t\t\t\t\t<\/span>\n\t\t\t\t\t<\/a>\n\t\t\t\t<\/div>\n\t\t\t\t\t\t\t\t<\/div>\n\t\t\t\t<\/div>\n\t\t\t\t\t<\/div>\n\t\t<\/div>\n\t\t\t\t\t<\/div>\n\t\t<\/section>\n\t\t\t\t<\/div>\n\t\t","protected":false},"excerpt":{"rendered":"<p>Calend\u00e1rio Escolar (2026) &#8211; Clique aqui Calend\u00e1rio Escolar (2025) &#8211; Clique aqui Calend\u00e1rio Escolar (2024) &#8211; Clique aqui Calend\u00e1rio Escolar (2023) &#8211; Clique aqui Calend\u00e1rio Escolar (2022) &#8211; Clique aqui<\/p>\n","protected":false},"author":7,"featured_media":0,"parent":0,"menu_order":0,"comment_status":"closed","ping_status":"closed","template":"","meta":{"ngg_post_thumbnail":0,"footnotes":""},"class_list":["post-1353","page","type-page","status-publish","hentry"],"yoast_head":"<!-- This site is optimized with the Yoast SEO plugin v24.4 - https:\/\/yoast.com\/wordpress\/plugins\/seo\/ -->\n<title>Calend\u00e1rio Escolar - Secretaria de Educa\u00e7\u00e3o e Cultura<\/title>\n<meta name=\"robots\" content=\"index, follow, max-snippet:-1, max-image-preview:large, max-video-preview:-1\" \/>\n<link rel=\"canonical\" href=\"https:\/\/educacao.cambe.pr.gov.br\/index.php\/calendario-escolar-2022\/\" \/>\n<meta property=\"og:locale\" content=\"pt_BR\" \/>\n<meta property=\"og:type\" content=\"article\" \/>\n<meta property=\"og:title\" content=\"Calend\u00e1rio Escolar - Secretaria de Educa\u00e7\u00e3o e Cultura\" \/>\n<meta property=\"og:description\" content=\"Calend\u00e1rio Escolar (2026) &#8211; Clique aqui Calend\u00e1rio Escolar (2025) &#8211; Clique aqui Calend\u00e1rio Escolar (2024) &#8211; Clique aqui Calend\u00e1rio Escolar (2023) &#8211; Clique aqui Calend\u00e1rio Escolar (2022) &#8211; Clique aqui\" \/>\n<meta property=\"og:url\" content=\"https:\/\/educacao.cambe.pr.gov.br\/index.php\/calendario-escolar-2022\/\" \/>\n<meta property=\"og:site_name\" content=\"Secretaria de Educa\u00e7\u00e3o e Cultura\" \/>\n<meta property=\"article:modified_time\" content=\"2026-03-26T18:31:24+00:00\" \/>\n<meta name=\"twitter:card\" content=\"summary_large_image\" \/>\n<script type=\"application\/ld+json\" class=\"yoast-schema-graph\">{\"@context\":\"https:\/\/schema.org\",\"@graph\":[{\"@type\":\"WebPage\",\"@id\":\"https:\/\/educacao.cambe.pr.gov.br\/index.php\/calendario-escolar-2022\/\",\"url\":\"https:\/\/educacao.cambe.pr.gov.br\/index.php\/calendario-escolar-2022\/\",\"name\":\"Calend\u00e1rio Escolar - Secretaria de Educa\u00e7\u00e3o e Cultura\",\"isPartOf\":{\"@id\":\"https:\/\/educacao.cambe.pr.gov.br\/#website\"},\"datePublished\":\"2022-05-24T13:14:09+00:00\",\"dateModified\":\"2026-03-26T18:31:24+00:00\",\"breadcrumb\":{\"@id\":\"https:\/\/educacao.cambe.pr.gov.br\/index.php\/calendario-escolar-2022\/#breadcrumb\"},\"inLanguage\":\"pt-BR\",\"potentialAction\":[{\"@type\":\"ReadAction\",\"target\":[\"https:\/\/educacao.cambe.pr.gov.br\/index.php\/calendario-escolar-2022\/\"]}]},{\"@type\":\"BreadcrumbList\",\"@id\":\"https:\/\/educacao.cambe.pr.gov.br\/index.php\/calendario-escolar-2022\/#breadcrumb\",\"itemListElement\":[{\"@type\":\"ListItem\",\"position\":1,\"name\":\"In\u00edcio\",\"item\":\"https:\/\/educacao.cambe.pr.gov.br\/\"},{\"@type\":\"ListItem\",\"position\":2,\"name\":\"Calend\u00e1rio Escolar\"}]},{\"@type\":\"WebSite\",\"@id\":\"https:\/\/educacao.cambe.pr.gov.br\/#website\",\"url\":\"https:\/\/educacao.cambe.pr.gov.br\/\",\"name\":\"Secretaria de Educa\u00e7\u00e3o e Cultura\",\"description\":\"Prefeitura de Camb\u00e9\",\"publisher\":{\"@id\":\"https:\/\/educacao.cambe.pr.gov.br\/#organization\"},\"potentialAction\":[{\"@type\":\"SearchAction\",\"target\":{\"@type\":\"EntryPoint\",\"urlTemplate\":\"https:\/\/educacao.cambe.pr.gov.br\/?s={search_term_string}\"},\"query-input\":{\"@type\":\"PropertyValueSpecification\",\"valueRequired\":true,\"valueName\":\"search_term_string\"}}],\"inLanguage\":\"pt-BR\"},{\"@type\":\"Organization\",\"@id\":\"https:\/\/educacao.cambe.pr.gov.br\/#organization\",\"name\":\"Secretaria de Educa\u00e7\u00e3o e Cultura\",\"url\":\"https:\/\/educacao.cambe.pr.gov.br\/\",\"logo\":{\"@type\":\"ImageObject\",\"inLanguage\":\"pt-BR\",\"@id\":\"https:\/\/educacao.cambe.pr.gov.br\/#\/schema\/logo\/image\/\",\"url\":\"https:\/\/educacao.cambe.pr.gov.br\/wp-content\/uploads\/2020\/08\/cambe_rural_brazao-pq.png\",\"contentUrl\":\"https:\/\/educacao.cambe.pr.gov.br\/wp-content\/uploads\/2020\/08\/cambe_rural_brazao-pq.png\",\"width\":150,\"height\":150,\"caption\":\"Secretaria de Educa\u00e7\u00e3o e Cultura\"},\"image\":{\"@id\":\"https:\/\/educacao.cambe.pr.gov.br\/#\/schema\/logo\/image\/\"}}]}<\/script>\n<!-- \/ Yoast SEO plugin. -->","yoast_head_json":{"title":"Calend\u00e1rio Escolar - Secretaria de Educa\u00e7\u00e3o e Cultura","robots":{"index":"index","follow":"follow","max-snippet":"max-snippet:-1","max-image-preview":"max-image-preview:large","max-video-preview":"max-video-preview:-1"},"canonical":"https:\/\/educacao.cambe.pr.gov.br\/index.php\/calendario-escolar-2022\/","og_locale":"pt_BR","og_type":"article","og_title":"Calend\u00e1rio Escolar - Secretaria de Educa\u00e7\u00e3o e Cultura","og_description":"Calend\u00e1rio Escolar (2026) &#8211; Clique aqui Calend\u00e1rio Escolar (2025) &#8211; Clique aqui Calend\u00e1rio Escolar (2024) &#8211; Clique aqui Calend\u00e1rio Escolar (2023) &#8211; Clique aqui Calend\u00e1rio Escolar (2022) &#8211; Clique aqui","og_url":"https:\/\/educacao.cambe.pr.gov.br\/index.php\/calendario-escolar-2022\/","og_site_name":"Secretaria de Educa\u00e7\u00e3o e Cultura","article_modified_time":"2026-03-26T18:31:24+00:00","twitter_card":"summary_large_image","schema":{"@context":"https:\/\/schema.org","@graph":[{"@type":"WebPage","@id":"https:\/\/educacao.cambe.pr.gov.br\/index.php\/calendario-escolar-2022\/","url":"https:\/\/educacao.cambe.pr.gov.br\/index.php\/calendario-escolar-2022\/","name":"Calend\u00e1rio Escolar - Secretaria de Educa\u00e7\u00e3o e Cultura","isPartOf":{"@id":"https:\/\/educacao.cambe.pr.gov.br\/#website"},"datePublished":"2022-05-24T13:14:09+00:00","dateModified":"2026-03-26T18:31:24+00:00","breadcrumb":{"@id":"https:\/\/educacao.cambe.pr.gov.br\/index.php\/calendario-escolar-2022\/#breadcrumb"},"inLanguage":"pt-BR","potentialAction":[{"@type":"ReadAction","target":["https:\/\/educacao.cambe.pr.gov.br\/index.php\/calendario-escolar-2022\/"]}]},{"@type":"BreadcrumbList","@id":"https:\/\/educacao.cambe.pr.gov.br\/index.php\/calendario-escolar-2022\/#breadcrumb","itemListElement":[{"@type":"ListItem","position":1,"name":"In\u00edcio","item":"https:\/\/educacao.cambe.pr.gov.br\/"},{"@type":"ListItem","position":2,"name":"Calend\u00e1rio Escolar"}]},{"@type":"WebSite","@id":"https:\/\/educacao.cambe.pr.gov.br\/#website","url":"https:\/\/educacao.cambe.pr.gov.br\/","name":"Secretaria de Educa\u00e7\u00e3o e Cultura","description":"Prefeitura de Camb\u00e9","publisher":{"@id":"https:\/\/educacao.cambe.pr.gov.br\/#organization"},"potentialAction":[{"@type":"SearchAction","target":{"@type":"EntryPoint","urlTemplate":"https:\/\/educacao.cambe.pr.gov.br\/?s={search_term_string}"},"query-input":{"@type":"PropertyValueSpecification","valueRequired":true,"valueName":"search_term_string"}}],"inLanguage":"pt-BR"},{"@type":"Organization","@id":"https:\/\/educacao.cambe.pr.gov.br\/#organization","name":"Secretaria de Educa\u00e7\u00e3o e Cultura","url":"https:\/\/educacao.cambe.pr.gov.br\/","logo":{"@type":"ImageObject","inLanguage":"pt-BR","@id":"https:\/\/educacao.cambe.pr.gov.br\/#\/schema\/logo\/image\/","url":"https:\/\/educacao.cambe.pr.gov.br\/wp-content\/uploads\/2020\/08\/cambe_rural_brazao-pq.png","contentUrl":"https:\/\/educacao.cambe.pr.gov.br\/wp-content\/uploads\/2020\/08\/cambe_rural_brazao-pq.png","width":150,"height":150,"caption":"Secretaria de Educa\u00e7\u00e3o e Cultura"},"image":{"@id":"https:\/\/educacao.cambe.pr.gov.br\/#\/schema\/logo\/image\/"}}]}},"_links":{"self":[{"href":"https:\/\/educacao.cambe.pr.gov.br\/index.php\/wp-json\/wp\/v2\/pages\/1353","targetHints":{"allow":["GET"]}}],"collection":[{"href":"https:\/\/educacao.cambe.pr.gov.br\/index.php\/wp-json\/wp\/v2\/pages"}],"about":[{"href":"https:\/\/educacao.cambe.pr.gov.br\/index.php\/wp-json\/wp\/v2\/types\/page"}],"author":[{"embeddable":true,"href":"https:\/\/educacao.cambe.pr.gov.br\/index.php\/wp-json\/wp\/v2\/users\/7"}],"replies":[{"embeddable":true,"href":"https:\/\/educacao.cambe.pr.gov.br\/index.php\/wp-json\/wp\/v2\/comments?post=1353"}],"version-history":[{"count":31,"href":"https:\/\/educacao.cambe.pr.gov.br\/index.php\/wp-json\/wp\/v2\/pages\/1353\/revisions"}],"predecessor-version":[{"id":5400,"href":"https:\/\/educacao.cambe.pr.gov.br\/index.php\/wp-json\/wp\/v2\/pages\/1353\/revisions\/5400"}],"wp:attachment":[{"href":"https:\/\/educacao.cambe.pr.gov.br\/index.php\/wp-json\/wp\/v2\/media?parent=1353"}],"curies":[{"name":"wp","href":"https:\/\/api.w.org\/{rel}","templated":true}]}}